{"id":208,"date":"2026-06-23T15:20:19","date_gmt":"2026-06-23T15:20:19","guid":{"rendered":"https:\/\/praden.amarenyo.ch\/?page_id=208"},"modified":"2026-07-24T08:39:03","modified_gmt":"2026-07-24T08:39:03","slug":"bildungsangebot","status":"publish","type":"page","link":"https:\/\/kraeuterhaus-praden.ch\/?page_id=208","title":{"rendered":"Bildungsangebot"},"content":{"rendered":"\n<div class=\"wp-block-media-text is-stacked-on-mobile\"><figure class=\"wp-block-media-text__media\"><video controls src=\"https:\/\/praden.amarenyo.ch\/wp-content\/uploads\/2026\/07\/WhatsApp-Video-2026-07-24-at-10.04.42.mp4\"><\/video><\/figure><div class=\"wp-block-media-text__content\">\n<h2 class=\"wp-block-heading\">Bildungsangebote<\/h2>\n\n\n\n<p class=\"wp-block-paragraph\">Die Natur ist eine wertvolle Lehrmeisterin. In unseren Kursen vermitteln wir naturheilkundliches Wissen f\u00fcr Mensch und Tier \u2013 praxisnah, verst\u00e4ndlich und mit einem ganzheitlichen Blick. Im Mittelpunkt stehen Heilpflanzen, Pr\u00e4vention und nat\u00fcrliche Wege, Gesundheit zu f\u00f6rdern und die Selbstheilungskr\u00e4fte zu unterst\u00fctzen. Unsere Angebote verbinden altes Erfahrungswissen mit modernen Erkenntnissen und laden dazu ein, die Natur mit neuen Augen zu entdecken.<\/p>\n<\/div><\/div>\n\n\n\n<div data-block-name=\"woocommerce\/single-product\" data-product-id=\"576\" data-wp-context=\"woocommerce\/products::{&quot;productId&quot;:576,&quot;variationId&quot;:null}\" data-wp-interactive=\"woocommerce\/single-product\" class=\"wp-block-woocommerce-single-product woocommerce\">\n<div class=\"wp-block-columns is-layout-flex wp-container-core-columns-is-layout-7387b849 wp-block-columns-is-layout-flex\">\n<div class=\"wp-block-column is-layout-flow wp-block-column-is-layout-flow\">\n<div data-block-name=\"woocommerce\/product-gallery\" data-wp-context=\"{&quot;imageData&quot;:[577],&quot;isDialogOpen&quot;:false,&quot;isDragging&quot;:false,&quot;touchStartX&quot;:0,&quot;touchCurrentX&quot;:0,&quot;productId&quot;:&quot;576&quot;,&quot;selectedImageId&quot;:577,&quot;thumbnailsOverflow&quot;:{&quot;top&quot;:false,&quot;bottom&quot;:false,&quot;left&quot;:false,&quot;right&quot;:false},&quot;hideNextPreviousButtons&quot;:true,&quot;isDisabledPrevious&quot;:true,&quot;isDisabledNext&quot;:true,&quot;ariaLabelPrevious&quot;:&quot;Vorheriges Bild&quot;,&quot;ariaLabelNext&quot;:&quot;N\\u00e4chstes Bild&quot;}\" data-wp-interactive=\"woocommerce\/product-gallery\" class=\"wp-block-woocommerce-product-gallery wc-block-product-gallery  is-single-product-gallery-image is-layout-flex wp-container-woocommerce-product-gallery-is-layout-a2f35af1 wp-block-woocommerce-product-gallery-is-layout-flex\">\n\n\t\t\t<div data-block-name=\"woocommerce\/product-gallery-large-image\" class=\"wc-block-product-gallery-large-image wp-block-woocommerce-product-gallery-large-image\">\n\t\t\t\t\t\t\t\t\t\t\t\t\t\t\t<ul\n\t\t\t\tclass=\"wc-block-product-gallery-large-image__container\"\n\t\t\t\tdata-wp-interactive=\"woocommerce\/product-gallery\"\n\t\t\t\tdata-wp-on--keydown=\"actions.onViewerImageKeyDown\"\n\t\t\t\taria-label=\"Produktgalerie\"\n\t\t\t\ttabindex=\"0\"\n\t\t\t\taria-roledescription=\"carousel\"\n\t\t\t>\n\t\t\t\t\t\t\t\t\t<li\n\t\t\t\t\t\tclass=\"wc-block-product-gallery-large-image__wrapper\"\n\t\t\t\t\t>\n\t\t\t\t\t\t<div data-block-name=\"woocommerce\/product-image\" data-is-descendent-of-single-product-block=\"true\" data-show-product-link=\"false\" data-show-sale-badge=\"false\" class=\"wc-block-components-product-image wc-block-grid__product-image wc-block-components-product-image--aspect-ratio-auto wp-block-woocommerce-product-image\"><img decoding=\"async\" data-wp-on--click=\"actions.openDialog\" data-wp-on--mouseleave=\"actions.resetZoom\" data-wp-on--mousemove=\"actions.startZoom\" data-wp-on--touchend=\"actions.onTouchEnd\" data-wp-on--touchmove=\"actions.onTouchMove\" data-wp-on--touchstart=\"actions.onTouchStart\" data-wp-watch=\"callbacks.toggleImageVisibility\" draggable=\"false\" fetchpriority=\"high\" tabindex=\"-1\" width=\"731\" height=\"1024\" src=\"https:\/\/kraeuterhaus-praden.ch\/wp-content\/uploads\/2026\/07\/685c67e18b7ca77dcb8aaa51_103619471_16807-8-731x1024.jpg\" class=\"attachment-large size-large wc-block-woocommerce-product-gallery-large-image__image wc-block-woocommerce-product-gallery-large-image__image--full-screen-on-click wc-block-woocommerce-product-gallery-large-image__image--hoverZoom\" alt=\"Samtpfoten nat\u00fcrlich begleiten 17. Januar 2027 - Praden\" data-testid=\"product-image\" data-image-id=\"577\" style=\"object-fit:cover;\" loading=\"eager\" srcset=\"https:\/\/kraeuterhaus-praden.ch\/wp-content\/uploads\/2026\/07\/685c67e18b7ca77dcb8aaa51_103619471_16807-8-731x1024.jpg 731w, https:\/\/kraeuterhaus-praden.ch\/wp-content\/uploads\/2026\/07\/685c67e18b7ca77dcb8aaa51_103619471_16807-8-214x300.jpg 214w, https:\/\/kraeuterhaus-praden.ch\/wp-content\/uploads\/2026\/07\/685c67e18b7ca77dcb8aaa51_103619471_16807-8-768x1075.jpg 768w, https:\/\/kraeuterhaus-praden.ch\/wp-content\/uploads\/2026\/07\/685c67e18b7ca77dcb8aaa51_103619471_16807-8-1097x1536.jpg 1097w, https:\/\/kraeuterhaus-praden.ch\/wp-content\/uploads\/2026\/07\/685c67e18b7ca77dcb8aaa51_103619471_16807-8-1463x2048.jpg 1463w, https:\/\/kraeuterhaus-praden.ch\/wp-content\/uploads\/2026\/07\/685c67e18b7ca77dcb8aaa51_103619471_16807-8-600x840.jpg 600w, https:\/\/kraeuterhaus-praden.ch\/wp-content\/uploads\/2026\/07\/685c67e18b7ca77dcb8aaa51_103619471_16807-8-scaled.jpg 1829w\" sizes=\"auto, (max-width: 731px) 100vw, 731px\" \/><div class=\"wc-block-components-product-image__inner-container\"><\/div><\/div>\t\t\t\t\t<\/li>\n\t\t\t\t\t\t\t<\/ul>\n\t\t\t\t\t\t<div class=\"wc-block-product-gallery-large-image__inner-blocks\">\n\t\t\t\t\t\t\t\t\t\t\t\t\t\t<\/div>\n\t\t\t<\/div>\n\t\t\t\t\t<dialog inert\n\t\t\t\tdata-wp-bind--open=\"context.isDialogOpen\"\n\t\t\t\tdata-wp-bind--inert=\"!context.isDialogOpen\"\n\t\t\t\tdata-wp-on--close=\"actions.closeDialog\"\n\t\t\t\tdata-wp-on--keydown=\"actions.onDialogKeyDown\"\n\t\t\t\tdata-wp-watch=\"callbacks.dialogStateChange\"\n\t\t\t\tclass=\"wc-block-product-gallery-dialog\"\n\t\t\t\trole=\"dialog\"\n\t\t\t\taria-modal=\"true\"\n\t\t\t\taria-label=\"Product Gallery\">\n\t\t\t\t<div class=\"wc-block-product-gallery-dialog__header\">\n\t\t\t\t\t<button class=\"wc-block-product-gallery-dialog__close-button\" data-wp-on--click=\"actions.closeDialog\" aria-label=\"Dialog schlie\u00dfen\">\n\t\t\t\t\t\t<svg xmlns=\"http:\/\/www.w3.org\/2000\/svg\" viewBox=\"0 0 24 24\" width=\"24\" height=\"24\" aria-hidden=\"true\" focusable=\"false\">\n\t\t\t\t\t\t\t<path d=\"M13 11.8l6.1-6.3-1-1-6.1 6.2-6.1-6.2-1 1 6.1 6.3-6.5 6.7 1 1 6.5-6.6 6.5 6.6 1-1z\"><\/path>\n\t\t\t\t\t\t<\/svg>\n\t\t\t\t\t<\/button>\n\t\t\t\t<\/div>\n\t\t\t\t<div class=\"wc-block-product-gallery-dialog__content\">\n\t\t\t\t\t\t\t\t\t\t\t\t<img data-image-id='577' data-wp-watch='callbacks.toggleImageVisibility' src='https:\/\/kraeuterhaus-praden.ch\/wp-content\/uploads\/2026\/07\/685c67e18b7ca77dcb8aaa51_103619471_16807-8-scaled.jpg' srcset='https:\/\/kraeuterhaus-praden.ch\/wp-content\/uploads\/2026\/07\/685c67e18b7ca77dcb8aaa51_103619471_16807-8-scaled.jpg 1829w, https:\/\/kraeuterhaus-praden.ch\/wp-content\/uploads\/2026\/07\/685c67e18b7ca77dcb8aaa51_103619471_16807-8-214x300.jpg 214w, https:\/\/kraeuterhaus-praden.ch\/wp-content\/uploads\/2026\/07\/685c67e18b7ca77dcb8aaa51_103619471_16807-8-731x1024.jpg 731w, https:\/\/kraeuterhaus-praden.ch\/wp-content\/uploads\/2026\/07\/685c67e18b7ca77dcb8aaa51_103619471_16807-8-768x1075.jpg 768w, https:\/\/kraeuterhaus-praden.ch\/wp-content\/uploads\/2026\/07\/685c67e18b7ca77dcb8aaa51_103619471_16807-8-1097x1536.jpg 1097w, https:\/\/kraeuterhaus-praden.ch\/wp-content\/uploads\/2026\/07\/685c67e18b7ca77dcb8aaa51_103619471_16807-8-1463x2048.jpg 1463w, https:\/\/kraeuterhaus-praden.ch\/wp-content\/uploads\/2026\/07\/685c67e18b7ca77dcb8aaa51_103619471_16807-8-600x840.jpg 600w' sizes='(max-width: 1829px) 100vw, 1829px' decoding='async' alt='Samtpfoten nat\u00fcrlich begleiten 17. Januar 2027 - Praden \u2013 Bild\u00a01' \/>\t\t\t\t<\/div>\n\t\t\t<\/dialog>\n\t\t<\/div>\n<\/div>\n\n\n\n<div class=\"wp-block-column is-layout-flow wp-block-column-is-layout-flow\"><h2 class=\"wp-block-post-title\"><a href=\"https:\/\/kraeuterhaus-praden.ch\/?post_type=product&#038;p=576\" target=\"_self\" >Samtpfoten nat\u00fcrlich begleiten 17. Januar 2027 &#8211; Praden<\/a><\/h2>\n\n\n\n<div data-block-name=\"woocommerce\/product-price\" data-is-descendent-of-single-product-block=\"true\" class=\"wp-block-woocommerce-product-price\" ><div class=\"wc-block-components-product-price wc-block-grid__product-price\" >\n\t\t\t\t\t<span class=\"woocommerce-Price-amount amount\"><bdi><span class=\"woocommerce-Price-currencySymbol\" translate=\"no\">&#67;&#72;&#70;<\/span>&nbsp;75.00<\/bdi><\/span>\n\t\t\t\t<\/div><\/div>\n\n<div data-block-name=\"woocommerce\/product-summary\" data-is-descendent-of-single-product-block=\"true\" class=\"wp-block-woocommerce-product-summary\"><div class=\"wc-block-components-product-summary \" style=\"\">\n\t\t\t\t<p>Im Auftrag Deiner Katze<\/p>\n\n\t\t\t<\/div><\/div>\n\n\n\n\n<div data-block-name=\"woocommerce\/product-meta\" class=\"wp-block-woocommerce-product-meta\">\n<div class=\"wp-block-group is-nowrap is-layout-flex wp-container-core-group-is-layout-7387b849 wp-block-group-is-layout-flex\">\n\n<div class=\"taxonomy-product_cat wp-block-post-terms\"><span class=\"wp-block-post-terms__prefix\">Kategorie: <\/span><a href=\"https:\/\/kraeuterhaus-praden.ch\/?product_cat=bildungsangebot\" rel=\"tag\">Bildungsangebot<\/a><\/div>\n\n<\/div>\n<\/div>\n<\/div>\n<\/div>\n<\/div>\n\n\n\n<div data-block-name=\"woocommerce\/single-product\" data-product-id=\"579\" data-wp-context=\"woocommerce\/products::{&quot;productId&quot;:579,&quot;variationId&quot;:null}\" data-wp-interactive=\"woocommerce\/single-product\" class=\"wp-block-woocommerce-single-product woocommerce\">\n<div class=\"wp-block-columns is-layout-flex wp-container-core-columns-is-layout-7387b849 wp-block-columns-is-layout-flex\">\n<div class=\"wp-block-column is-layout-flow wp-block-column-is-layout-flow\">\n<div data-block-name=\"woocommerce\/product-gallery\" data-wp-context=\"{&quot;imageData&quot;:[577],&quot;isDialogOpen&quot;:false,&quot;isDragging&quot;:false,&quot;touchStartX&quot;:0,&quot;touchCurrentX&quot;:0,&quot;productId&quot;:&quot;579&quot;,&quot;selectedImageId&quot;:577,&quot;thumbnailsOverflow&quot;:{&quot;top&quot;:false,&quot;bottom&quot;:false,&quot;left&quot;:false,&quot;right&quot;:false},&quot;hideNextPreviousButtons&quot;:true,&quot;isDisabledPrevious&quot;:true,&quot;isDisabledNext&quot;:true,&quot;ariaLabelPrevious&quot;:&quot;Vorheriges Bild&quot;,&quot;ariaLabelNext&quot;:&quot;N\\u00e4chstes Bild&quot;}\" data-wp-interactive=\"woocommerce\/product-gallery\" class=\"wp-block-woocommerce-product-gallery wc-block-product-gallery  is-single-product-gallery-image is-layout-flex wp-container-woocommerce-product-gallery-is-layout-a2f35af1 wp-block-woocommerce-product-gallery-is-layout-flex\">\n\n\t\t\t<div data-block-name=\"woocommerce\/product-gallery-large-image\" class=\"wc-block-product-gallery-large-image wp-block-woocommerce-product-gallery-large-image\">\n\t\t\t\t\t\t\t\t\t\t\t\t\t\t\t<ul\n\t\t\t\tclass=\"wc-block-product-gallery-large-image__container\"\n\t\t\t\tdata-wp-interactive=\"woocommerce\/product-gallery\"\n\t\t\t\tdata-wp-on--keydown=\"actions.onViewerImageKeyDown\"\n\t\t\t\taria-label=\"Produktgalerie\"\n\t\t\t\ttabindex=\"0\"\n\t\t\t\taria-roledescription=\"carousel\"\n\t\t\t>\n\t\t\t\t\t\t\t\t\t<li\n\t\t\t\t\t\tclass=\"wc-block-product-gallery-large-image__wrapper\"\n\t\t\t\t\t>\n\t\t\t\t\t\t<div data-block-name=\"woocommerce\/product-image\" data-is-descendent-of-single-product-block=\"true\" data-show-product-link=\"false\" data-show-sale-badge=\"false\" class=\"wc-block-components-product-image wc-block-grid__product-image wc-block-components-product-image--aspect-ratio-auto wp-block-woocommerce-product-image\"><img decoding=\"async\" data-wp-on--click=\"actions.openDialog\" data-wp-on--mouseleave=\"actions.resetZoom\" data-wp-on--mousemove=\"actions.startZoom\" data-wp-on--touchend=\"actions.onTouchEnd\" data-wp-on--touchmove=\"actions.onTouchMove\" data-wp-on--touchstart=\"actions.onTouchStart\" data-wp-watch=\"callbacks.toggleImageVisibility\" draggable=\"false\" fetchpriority=\"high\" tabindex=\"-1\" width=\"731\" height=\"1024\" src=\"https:\/\/kraeuterhaus-praden.ch\/wp-content\/uploads\/2026\/07\/685c67e18b7ca77dcb8aaa51_103619471_16807-8-731x1024.jpg\" class=\"attachment-large size-large wc-block-woocommerce-product-gallery-large-image__image wc-block-woocommerce-product-gallery-large-image__image--full-screen-on-click wc-block-woocommerce-product-gallery-large-image__image--hoverZoom\" alt=\"Samtpfoten nat\u00fcrlich begleiten 21. Februar 2027 - Praden\" data-testid=\"product-image\" data-image-id=\"577\" style=\"object-fit:cover;\" loading=\"eager\" srcset=\"https:\/\/kraeuterhaus-praden.ch\/wp-content\/uploads\/2026\/07\/685c67e18b7ca77dcb8aaa51_103619471_16807-8-731x1024.jpg 731w, https:\/\/kraeuterhaus-praden.ch\/wp-content\/uploads\/2026\/07\/685c67e18b7ca77dcb8aaa51_103619471_16807-8-214x300.jpg 214w, https:\/\/kraeuterhaus-praden.ch\/wp-content\/uploads\/2026\/07\/685c67e18b7ca77dcb8aaa51_103619471_16807-8-768x1075.jpg 768w, https:\/\/kraeuterhaus-praden.ch\/wp-content\/uploads\/2026\/07\/685c67e18b7ca77dcb8aaa51_103619471_16807-8-1097x1536.jpg 1097w, https:\/\/kraeuterhaus-praden.ch\/wp-content\/uploads\/2026\/07\/685c67e18b7ca77dcb8aaa51_103619471_16807-8-1463x2048.jpg 1463w, https:\/\/kraeuterhaus-praden.ch\/wp-content\/uploads\/2026\/07\/685c67e18b7ca77dcb8aaa51_103619471_16807-8-600x840.jpg 600w, https:\/\/kraeuterhaus-praden.ch\/wp-content\/uploads\/2026\/07\/685c67e18b7ca77dcb8aaa51_103619471_16807-8-scaled.jpg 1829w\" sizes=\"auto, (max-width: 731px) 100vw, 731px\" \/><div class=\"wc-block-components-product-image__inner-container\"><\/div><\/div>\t\t\t\t\t<\/li>\n\t\t\t\t\t\t\t<\/ul>\n\t\t\t\t\t\t<div class=\"wc-block-product-gallery-large-image__inner-blocks\">\n\t\t\t\t\t\t\t\t\t\t\t\t\t\t<\/div>\n\t\t\t<\/div>\n\t\t\t\t\t<dialog inert\n\t\t\t\tdata-wp-bind--open=\"context.isDialogOpen\"\n\t\t\t\tdata-wp-bind--inert=\"!context.isDialogOpen\"\n\t\t\t\tdata-wp-on--close=\"actions.closeDialog\"\n\t\t\t\tdata-wp-on--keydown=\"actions.onDialogKeyDown\"\n\t\t\t\tdata-wp-watch=\"callbacks.dialogStateChange\"\n\t\t\t\tclass=\"wc-block-product-gallery-dialog\"\n\t\t\t\trole=\"dialog\"\n\t\t\t\taria-modal=\"true\"\n\t\t\t\taria-label=\"Product Gallery\">\n\t\t\t\t<div class=\"wc-block-product-gallery-dialog__header\">\n\t\t\t\t\t<button class=\"wc-block-product-gallery-dialog__close-button\" data-wp-on--click=\"actions.closeDialog\" aria-label=\"Dialog schlie\u00dfen\">\n\t\t\t\t\t\t<svg xmlns=\"http:\/\/www.w3.org\/2000\/svg\" viewBox=\"0 0 24 24\" width=\"24\" height=\"24\" aria-hidden=\"true\" focusable=\"false\">\n\t\t\t\t\t\t\t<path d=\"M13 11.8l6.1-6.3-1-1-6.1 6.2-6.1-6.2-1 1 6.1 6.3-6.5 6.7 1 1 6.5-6.6 6.5 6.6 1-1z\"><\/path>\n\t\t\t\t\t\t<\/svg>\n\t\t\t\t\t<\/button>\n\t\t\t\t<\/div>\n\t\t\t\t<div class=\"wc-block-product-gallery-dialog__content\">\n\t\t\t\t\t\t\t\t\t\t\t\t<img data-image-id='577' data-wp-watch='callbacks.toggleImageVisibility' src='https:\/\/kraeuterhaus-praden.ch\/wp-content\/uploads\/2026\/07\/685c67e18b7ca77dcb8aaa51_103619471_16807-8-scaled.jpg' srcset='https:\/\/kraeuterhaus-praden.ch\/wp-content\/uploads\/2026\/07\/685c67e18b7ca77dcb8aaa51_103619471_16807-8-scaled.jpg 1829w, https:\/\/kraeuterhaus-praden.ch\/wp-content\/uploads\/2026\/07\/685c67e18b7ca77dcb8aaa51_103619471_16807-8-214x300.jpg 214w, https:\/\/kraeuterhaus-praden.ch\/wp-content\/uploads\/2026\/07\/685c67e18b7ca77dcb8aaa51_103619471_16807-8-731x1024.jpg 731w, https:\/\/kraeuterhaus-praden.ch\/wp-content\/uploads\/2026\/07\/685c67e18b7ca77dcb8aaa51_103619471_16807-8-768x1075.jpg 768w, https:\/\/kraeuterhaus-praden.ch\/wp-content\/uploads\/2026\/07\/685c67e18b7ca77dcb8aaa51_103619471_16807-8-1097x1536.jpg 1097w, https:\/\/kraeuterhaus-praden.ch\/wp-content\/uploads\/2026\/07\/685c67e18b7ca77dcb8aaa51_103619471_16807-8-1463x2048.jpg 1463w, https:\/\/kraeuterhaus-praden.ch\/wp-content\/uploads\/2026\/07\/685c67e18b7ca77dcb8aaa51_103619471_16807-8-600x840.jpg 600w' sizes='(max-width: 1829px) 100vw, 1829px' decoding='async' alt='Samtpfoten nat\u00fcrlich begleiten 21. Februar 2027 - Praden \u2013 Bild\u00a01' \/>\t\t\t\t<\/div>\n\t\t\t<\/dialog>\n\t\t<\/div>\n<\/div>\n\n\n\n<div class=\"wp-block-column is-layout-flow wp-block-column-is-layout-flow\"><h2 class=\"wp-block-post-title\"><a href=\"https:\/\/kraeuterhaus-praden.ch\/?post_type=product&#038;p=579\" target=\"_self\" >Samtpfoten nat\u00fcrlich begleiten 21. Februar 2027 &#8211; Praden<\/a><\/h2>\n\n\n\n<div data-block-name=\"woocommerce\/product-price\" data-is-descendent-of-single-product-block=\"true\" class=\"wp-block-woocommerce-product-price\" ><div class=\"wc-block-components-product-price wc-block-grid__product-price\" >\n\t\t\t\t\t<span class=\"woocommerce-Price-amount amount\"><bdi><span class=\"woocommerce-Price-currencySymbol\" translate=\"no\">&#67;&#72;&#70;<\/span>&nbsp;75.00<\/bdi><\/span>\n\t\t\t\t<\/div><\/div>\n\n<div data-block-name=\"woocommerce\/product-summary\" data-is-descendent-of-single-product-block=\"true\" class=\"wp-block-woocommerce-product-summary\"><div class=\"wc-block-components-product-summary \" style=\"\">\n\t\t\t\t<p>Im Auftrag Deiner Katze<\/p>\n\n\t\t\t<\/div><\/div>\n\n\n\n\n<div data-block-name=\"woocommerce\/product-meta\" class=\"wp-block-woocommerce-product-meta\">\n<div class=\"wp-block-group is-nowrap is-layout-flex wp-container-core-group-is-layout-7387b849 wp-block-group-is-layout-flex\">\n\n<div class=\"taxonomy-product_cat wp-block-post-terms\"><span class=\"wp-block-post-terms__prefix\">Kategorie: <\/span><a href=\"https:\/\/kraeuterhaus-praden.ch\/?product_cat=bildungsangebot\" rel=\"tag\">Bildungsangebot<\/a><\/div>\n\n<\/div>\n<\/div>\n<\/div>\n<\/div>\n<\/div>\n\n\n\n<div data-block-name=\"woocommerce\/single-product\" data-product-id=\"573\" data-wp-context=\"woocommerce\/products::{&quot;productId&quot;:573,&quot;variationId&quot;:null}\" data-wp-interactive=\"woocommerce\/single-product\" class=\"wp-block-woocommerce-single-product woocommerce\">\n<div class=\"wp-block-columns is-layout-flex wp-container-core-columns-is-layout-7387b849 wp-block-columns-is-layout-flex\">\n<div class=\"wp-block-column is-layout-flow wp-block-column-is-layout-flow\">\n<div data-block-name=\"woocommerce\/product-gallery\" data-wp-context=\"{&quot;imageData&quot;:[503],&quot;isDialogOpen&quot;:false,&quot;isDragging&quot;:false,&quot;touchStartX&quot;:0,&quot;touchCurrentX&quot;:0,&quot;productId&quot;:&quot;573&quot;,&quot;selectedImageId&quot;:503,&quot;thumbnailsOverflow&quot;:{&quot;top&quot;:false,&quot;bottom&quot;:false,&quot;left&quot;:false,&quot;right&quot;:false},&quot;hideNextPreviousButtons&quot;:true,&quot;isDisabledPrevious&quot;:true,&quot;isDisabledNext&quot;:true,&quot;ariaLabelPrevious&quot;:&quot;Vorheriges Bild&quot;,&quot;ariaLabelNext&quot;:&quot;N\\u00e4chstes Bild&quot;}\" data-wp-interactive=\"woocommerce\/product-gallery\" class=\"wp-block-woocommerce-product-gallery wc-block-product-gallery  is-single-product-gallery-image is-layout-flex wp-container-woocommerce-product-gallery-is-layout-a2f35af1 wp-block-woocommerce-product-gallery-is-layout-flex\">\n\n\t\t\t<div data-block-name=\"woocommerce\/product-gallery-large-image\" class=\"wc-block-product-gallery-large-image wp-block-woocommerce-product-gallery-large-image\">\n\t\t\t\t\t\t\t\t\t\t\t\t\t\t\t<ul\n\t\t\t\tclass=\"wc-block-product-gallery-large-image__container\"\n\t\t\t\tdata-wp-interactive=\"woocommerce\/product-gallery\"\n\t\t\t\tdata-wp-on--keydown=\"actions.onViewerImageKeyDown\"\n\t\t\t\taria-label=\"Produktgalerie\"\n\t\t\t\ttabindex=\"0\"\n\t\t\t\taria-roledescription=\"carousel\"\n\t\t\t>\n\t\t\t\t\t\t\t\t\t<li\n\t\t\t\t\t\tclass=\"wc-block-product-gallery-large-image__wrapper\"\n\t\t\t\t\t>\n\t\t\t\t\t\t<div data-block-name=\"woocommerce\/product-image\" data-is-descendent-of-single-product-block=\"true\" data-show-product-link=\"false\" data-show-sale-badge=\"false\" class=\"wc-block-components-product-image wc-block-grid__product-image wc-block-components-product-image--aspect-ratio-auto wp-block-woocommerce-product-image\"><img decoding=\"async\" data-wp-on--click=\"actions.openDialog\" data-wp-on--mouseleave=\"actions.resetZoom\" data-wp-on--mousemove=\"actions.startZoom\" data-wp-on--touchend=\"actions.onTouchEnd\" data-wp-on--touchmove=\"actions.onTouchMove\" data-wp-on--touchstart=\"actions.onTouchStart\" data-wp-watch=\"callbacks.toggleImageVisibility\" draggable=\"false\" fetchpriority=\"high\" tabindex=\"-1\" width=\"750\" height=\"750\" src=\"https:\/\/kraeuterhaus-praden.ch\/wp-content\/uploads\/2026\/07\/VID_20260711_121500_exported_3927-1024x1024.jpg\" class=\"attachment-large size-large wc-block-woocommerce-product-gallery-large-image__image wc-block-woocommerce-product-gallery-large-image__image--full-screen-on-click wc-block-woocommerce-product-gallery-large-image__image--hoverZoom\" alt=\"Naturapotheke f\u00fcr Hirten 8. Mai 2027 - Arosa\" data-testid=\"product-image\" data-image-id=\"503\" style=\"object-fit:cover;\" loading=\"eager\" srcset=\"https:\/\/kraeuterhaus-praden.ch\/wp-content\/uploads\/2026\/07\/VID_20260711_121500_exported_3927-1024x1024.jpg 1024w, https:\/\/kraeuterhaus-praden.ch\/wp-content\/uploads\/2026\/07\/VID_20260711_121500_exported_3927-300x300.jpg 300w, https:\/\/kraeuterhaus-praden.ch\/wp-content\/uploads\/2026\/07\/VID_20260711_121500_exported_3927-150x150.jpg 150w, https:\/\/kraeuterhaus-praden.ch\/wp-content\/uploads\/2026\/07\/VID_20260711_121500_exported_3927-768x768.jpg 768w, https:\/\/kraeuterhaus-praden.ch\/wp-content\/uploads\/2026\/07\/VID_20260711_121500_exported_3927-1536x1536.jpg 1536w, https:\/\/kraeuterhaus-praden.ch\/wp-content\/uploads\/2026\/07\/VID_20260711_121500_exported_3927-2048x2048.jpg 2048w, https:\/\/kraeuterhaus-praden.ch\/wp-content\/uploads\/2026\/07\/VID_20260711_121500_exported_3927-600x600.jpg 600w, https:\/\/kraeuterhaus-praden.ch\/wp-content\/uploads\/2026\/07\/VID_20260711_121500_exported_3927-160x160.jpg 160w\" sizes=\"auto, (max-width: 750px) 100vw, 750px\" \/><div class=\"wc-block-components-product-image__inner-container\"><\/div><\/div>\t\t\t\t\t<\/li>\n\t\t\t\t\t\t\t<\/ul>\n\t\t\t\t\t\t<div class=\"wc-block-product-gallery-large-image__inner-blocks\">\n\t\t\t\t\t\t\t\t\t\t\t\t\t\t<\/div>\n\t\t\t<\/div>\n\t\t\t\t\t<dialog inert\n\t\t\t\tdata-wp-bind--open=\"context.isDialogOpen\"\n\t\t\t\tdata-wp-bind--inert=\"!context.isDialogOpen\"\n\t\t\t\tdata-wp-on--close=\"actions.closeDialog\"\n\t\t\t\tdata-wp-on--keydown=\"actions.onDialogKeyDown\"\n\t\t\t\tdata-wp-watch=\"callbacks.dialogStateChange\"\n\t\t\t\tclass=\"wc-block-product-gallery-dialog\"\n\t\t\t\trole=\"dialog\"\n\t\t\t\taria-modal=\"true\"\n\t\t\t\taria-label=\"Product Gallery\">\n\t\t\t\t<div class=\"wc-block-product-gallery-dialog__header\">\n\t\t\t\t\t<button class=\"wc-block-product-gallery-dialog__close-button\" data-wp-on--click=\"actions.closeDialog\" aria-label=\"Dialog schlie\u00dfen\">\n\t\t\t\t\t\t<svg xmlns=\"http:\/\/www.w3.org\/2000\/svg\" viewBox=\"0 0 24 24\" width=\"24\" height=\"24\" aria-hidden=\"true\" focusable=\"false\">\n\t\t\t\t\t\t\t<path d=\"M13 11.8l6.1-6.3-1-1-6.1 6.2-6.1-6.2-1 1 6.1 6.3-6.5 6.7 1 1 6.5-6.6 6.5 6.6 1-1z\"><\/path>\n\t\t\t\t\t\t<\/svg>\n\t\t\t\t\t<\/button>\n\t\t\t\t<\/div>\n\t\t\t\t<div class=\"wc-block-product-gallery-dialog__content\">\n\t\t\t\t\t\t\t\t\t\t\t\t<img data-image-id='503' data-wp-watch='callbacks.toggleImageVisibility' src='https:\/\/kraeuterhaus-praden.ch\/wp-content\/uploads\/2026\/07\/VID_20260711_121500_exported_3927.jpg' srcset='https:\/\/kraeuterhaus-praden.ch\/wp-content\/uploads\/2026\/07\/VID_20260711_121500_exported_3927.jpg 2160w, https:\/\/kraeuterhaus-praden.ch\/wp-content\/uploads\/2026\/07\/VID_20260711_121500_exported_3927-300x300.jpg 300w, https:\/\/kraeuterhaus-praden.ch\/wp-content\/uploads\/2026\/07\/VID_20260711_121500_exported_3927-1024x1024.jpg 1024w, https:\/\/kraeuterhaus-praden.ch\/wp-content\/uploads\/2026\/07\/VID_20260711_121500_exported_3927-150x150.jpg 150w, https:\/\/kraeuterhaus-praden.ch\/wp-content\/uploads\/2026\/07\/VID_20260711_121500_exported_3927-768x768.jpg 768w, https:\/\/kraeuterhaus-praden.ch\/wp-content\/uploads\/2026\/07\/VID_20260711_121500_exported_3927-1536x1536.jpg 1536w, https:\/\/kraeuterhaus-praden.ch\/wp-content\/uploads\/2026\/07\/VID_20260711_121500_exported_3927-2048x2048.jpg 2048w, https:\/\/kraeuterhaus-praden.ch\/wp-content\/uploads\/2026\/07\/VID_20260711_121500_exported_3927-600x600.jpg 600w, https:\/\/kraeuterhaus-praden.ch\/wp-content\/uploads\/2026\/07\/VID_20260711_121500_exported_3927-160x160.jpg 160w' sizes='(max-width: 2160px) 100vw, 2160px' decoding='async' alt='Naturapotheke f\u00fcr Hirten 8. Mai 2027 - Arosa \u2013 Bild\u00a01' \/>\t\t\t\t<\/div>\n\t\t\t<\/dialog>\n\t\t<\/div>\n<\/div>\n\n\n\n<div class=\"wp-block-column is-layout-flow wp-block-column-is-layout-flow\"><h2 class=\"wp-block-post-title\"><a href=\"https:\/\/kraeuterhaus-praden.ch\/?product=naturapotheke-fuer-hirten-8-mai-2027-arosa\" target=\"_self\" >Naturapotheke f\u00fcr Hirten 8. Mai 2027 &#8211; Arosa<\/a><\/h2>\n\n\n\n<div data-block-name=\"woocommerce\/product-price\" data-is-descendent-of-single-product-block=\"true\" class=\"wp-block-woocommerce-product-price\" ><div class=\"wc-block-components-product-price wc-block-grid__product-price\" >\n\t\t\t\t\t<span class=\"woocommerce-Price-amount amount\"><bdi><span class=\"woocommerce-Price-currencySymbol\" translate=\"no\">&#67;&#72;&#70;<\/span>&nbsp;220.00<\/bdi><\/span>\n\t\t\t\t<\/div><\/div>\n\n<div data-block-name=\"woocommerce\/product-summary\" data-is-descendent-of-single-product-block=\"true\" class=\"wp-block-woocommerce-product-summary\"><div class=\"wc-block-components-product-summary \" style=\"\">\n\t\t\t\t<p>Ein Tag im Zeichen der Heilpflanzen, der Tiere und der Weisheit der Berge.<\/p>\n\n\t\t\t<\/div><\/div>\n\n<div data-block-name=\"woocommerce\/add-to-cart-form\" class=\"wp-block-add-to-cart-form wc-block-add-to-cart-form wc-block-add-to-cart-form--input wp-block-woocommerce-add-to-cart-form\" ><p class=\"stock in-stock\">12 vorr\u00e4tig<\/p>\n\n\t\n\t<form class=\"cart\" action=\"https:\/\/kraeuterhaus-praden.ch\/?product=naturapotheke-fuer-hirten-8-mai-2027-arosa\" method=\"post\" enctype='multipart\/form-data'>\n\t\t\n\t\t<div class=\"quantity\">\n\t\t<label class=\"screen-reader-text\" for=\"quantity_6a9674aae493f\">Naturapotheke f\u00fcr Hirten 8. Mai 2027 &#8211; Arosa Menge<\/label>\n\t<input\n\t\ttype=\"number\"\n\t\t\t\tid=\"quantity_6a9674aae493f\"\n\t\tclass=\"input-text qty text\"\n\t\tname=\"quantity\"\n\t\tvalue=\"1\"\n\t\taria-label=\"Produktmenge\"\n\t\t\t\tmin=\"1\"\n\t\t\t\t\tmax=\"12\"\n\t\t\t\t\t\t\tstep=\"1\"\n\t\t\tplaceholder=\"\"\n\t\t\tinputmode=\"numeric\"\n\t\t\tautocomplete=\"off\"\n\t\t\t\/>\n\t<\/div>\n\n\t\t<button type=\"submit\" name=\"add-to-cart\" value=\"573\" class=\"single_add_to_cart_button button alt\">In den Warenkorb<\/button>\n\n\t\t\t<\/form>\n\n\t\n<\/div>\n\n\n<div data-block-name=\"woocommerce\/product-meta\" class=\"wp-block-woocommerce-product-meta\">\n<div class=\"wp-block-group is-nowrap is-layout-flex wp-container-core-group-is-layout-7387b849 wp-block-group-is-layout-flex\">\n\n<div class=\"taxonomy-product_cat wp-block-post-terms\"><span class=\"wp-block-post-terms__prefix\">Kategorie: <\/span><a href=\"https:\/\/kraeuterhaus-praden.ch\/?product_cat=bildungsangebot\" rel=\"tag\">Bildungsangebot<\/a><\/div>\n\n<\/div>\n<\/div>\n<\/div>\n<\/div>\n<\/div>\n","protected":false},"excerpt":{"rendered":"<p>Bildungsangebote Die Natur ist eine wertvolle Lehrmeisterin. In unseren Kursen vermitteln wir naturheilkundliches Wissen f\u00fcr Mensch und Tier \u2013 praxisnah, verst\u00e4ndlich und mit einem ganzheitlichen Blick. Im Mittelpunkt stehen Heilpflanzen, Pr\u00e4vention und nat\u00fcrliche Wege, Gesundheit zu f\u00f6rdern und die Selbstheilungskr\u00e4fte zu unterst\u00fctzen. Unsere Angebote verbinden altes Erfahrungswissen mit modernen Erkenntnissen [&hellip;]<\/p>\n","protected":false},"author":1,"featured_media":0,"parent":0,"menu_order":0,"comment_status":"closed","ping_status":"closed","template":"","meta":{"footnotes":""},"class_list":["post-208","page","type-page","status-publish","hentry"],"_links":{"self":[{"href":"https:\/\/kraeuterhaus-praden.ch\/index.php?rest_route=\/wp\/v2\/pages\/208","targetHints":{"allow":["GET"]}}],"collection":[{"href":"https:\/\/kraeuterhaus-praden.ch\/index.php?rest_route=\/wp\/v2\/pages"}],"about":[{"href":"https:\/\/kraeuterhaus-praden.ch\/index.php?rest_route=\/wp\/v2\/types\/page"}],"author":[{"embeddable":true,"href":"https:\/\/kraeuterhaus-praden.ch\/index.php?rest_route=\/wp\/v2\/users\/1"}],"replies":[{"embeddable":true,"href":"https:\/\/kraeuterhaus-praden.ch\/index.php?rest_route=%2Fwp%2Fv2%2Fcomments&post=208"}],"version-history":[{"count":6,"href":"https:\/\/kraeuterhaus-praden.ch\/index.php?rest_route=\/wp\/v2\/pages\/208\/revisions"}],"predecessor-version":[{"id":580,"href":"https:\/\/kraeuterhaus-praden.ch\/index.php?rest_route=\/wp\/v2\/pages\/208\/revisions\/580"}],"wp:attachment":[{"href":"https:\/\/kraeuterhaus-praden.ch\/index.php?rest_route=%2Fwp%2Fv2%2Fmedia&parent=208"}],"curies":[{"name":"wp","href":"https:\/\/api.w.org\/{rel}","templated":true}]}}