{"id":211,"date":"2026-06-23T15:21:22","date_gmt":"2026-06-23T15:21:22","guid":{"rendered":"https:\/\/praden.amarenyo.ch\/?page_id=211"},"modified":"2026-07-24T07:50:08","modified_gmt":"2026-07-24T07:50:08","slug":"kinder","status":"publish","type":"page","link":"https:\/\/kraeuterhaus-praden.ch\/?page_id=211","title":{"rendered":"Kinder"},"content":{"rendered":"\n<p class=\"wp-block-paragraph\"><\/p>\n\n\n\n<div class=\"wp-block-media-text is-stacked-on-mobile\"><figure class=\"wp-block-media-text__media\"><video controls src=\"https:\/\/praden.amarenyo.ch\/wp-content\/uploads\/2026\/07\/WhatsApp-Video-2026-07-24-at-08.58.04.mp4\"><\/video><\/figure><div class=\"wp-block-media-text__content\">\n<h3 class=\"wp-block-heading\">Kinderangebote \u2013 Mit Schafen die Natur entdecken<\/h3>\n\n\n\n<p class=\"wp-block-paragraph\">Wir glauben, dass Schafe wunderbare Br\u00fcckenbauer zwischen Kindern und der Natur sind. Sie sind sanft, neugierig und sensibel. Wer einem Schaf begegnen m\u00f6chte, lernt automatisch, langsamer zu werden, aufmerksam zu beobachten und respektvoll zu handeln. So entstehen Begegnungen, die Vertrauen, Mitgef\u00fchl und Verbundenheit f\u00f6rdern.<\/p>\n\n\n\n<p class=\"wp-block-paragraph\">Unsere Kinderangebote laden dazu ein, die Bergwelt mit allen Sinnen zu erleben und Verantwortung f\u00fcr Tiere zu \u00fcbernehmen. F\u00fcr Schaf-Gottis oder Schaf-G\u00f6ttis sind diese Angebote gratis.<\/p>\n<\/div><\/div>\n\n\n\n<h3 class=\"wp-block-heading\">Hirtenleben<\/h3>\n\n\n\n<p class=\"wp-block-paragraph\">Wie kommuniziert man mit einer Schafherde? Wie gewinnt man ihr Vertrauen? Und wie bringt man eine Herde dazu, gemeinsam in Bewegung zu kommen?<\/p>\n\n\n\n<p class=\"wp-block-paragraph\">An diesem Tag schl\u00fcpfen die Kinder in die Rolle eines Hirten. Gemeinsam lernen wir, Schafe zu locken, ruhig zu treiben und ihre K\u00f6rpersprache zu verstehen. Anschliessend unternehmen wir mit der Herde einen Spaziergang durch die Berglandschaft. Die Kinder erleben, wie unterschiedlich die einzelnen Schafe sind und wie wichtig Geduld und Achtsamkeit im Umgang mit Tieren sind.<\/p>\n\n\n\n<p class=\"wp-block-paragraph\">Zum Abschluss begleiten die Kinder eine einfache Behandlung eines Schafes, eine naturheilkundliche Pflege. So erfahren sie, dass F\u00fcrsorge ein wichtiger Teil der Tierhaltung ist.<\/p>\n\n\n\n<div data-block-name=\"woocommerce\/single-product\" data-product-id=\"523\" data-wp-context=\"woocommerce\/products::{&quot;productId&quot;:523,&quot;variationId&quot;:null}\" data-wp-interactive=\"woocommerce\/single-product\" class=\"wp-block-woocommerce-single-product woocommerce\">\n<div class=\"wp-block-columns is-layout-flex wp-container-core-columns-is-layout-7387b849 wp-block-columns-is-layout-flex\">\n<div class=\"wp-block-column is-layout-flow wp-block-column-is-layout-flow\">\n<div data-block-name=\"woocommerce\/product-gallery\" data-wp-context=\"{&quot;imageData&quot;:[494],&quot;isDialogOpen&quot;:false,&quot;isDragging&quot;:false,&quot;touchStartX&quot;:0,&quot;touchCurrentX&quot;:0,&quot;productId&quot;:&quot;523&quot;,&quot;selectedImageId&quot;:494,&quot;thumbnailsOverflow&quot;:{&quot;top&quot;:false,&quot;bottom&quot;:false,&quot;left&quot;:false,&quot;right&quot;:false},&quot;hideNextPreviousButtons&quot;:true,&quot;isDisabledPrevious&quot;:true,&quot;isDisabledNext&quot;:true,&quot;ariaLabelPrevious&quot;:&quot;Vorheriges Bild&quot;,&quot;ariaLabelNext&quot;:&quot;N\\u00e4chstes Bild&quot;}\" data-wp-interactive=\"woocommerce\/product-gallery\" class=\"wp-block-woocommerce-product-gallery wc-block-product-gallery  is-single-product-gallery-image is-layout-flex wp-container-woocommerce-product-gallery-is-layout-a2f35af1 wp-block-woocommerce-product-gallery-is-layout-flex\">\n\n\t\t\t<div data-block-name=\"woocommerce\/product-gallery-large-image\" class=\"wc-block-product-gallery-large-image wp-block-woocommerce-product-gallery-large-image\">\n\t\t\t\t\t\t\t\t\t\t\t\t\t\t\t<ul\n\t\t\t\tclass=\"wc-block-product-gallery-large-image__container\"\n\t\t\t\tdata-wp-interactive=\"woocommerce\/product-gallery\"\n\t\t\t\tdata-wp-on--keydown=\"actions.onViewerImageKeyDown\"\n\t\t\t\taria-label=\"Produktgalerie\"\n\t\t\t\ttabindex=\"0\"\n\t\t\t\taria-roledescription=\"carousel\"\n\t\t\t>\n\t\t\t\t\t\t\t\t\t<li\n\t\t\t\t\t\tclass=\"wc-block-product-gallery-large-image__wrapper\"\n\t\t\t\t\t>\n\t\t\t\t\t\t<div data-block-name=\"woocommerce\/product-image\" data-is-descendent-of-single-product-block=\"true\" data-show-product-link=\"false\" data-show-sale-badge=\"false\" class=\"wc-block-components-product-image wc-block-grid__product-image wc-block-components-product-image--aspect-ratio-auto wp-block-woocommerce-product-image\"><img decoding=\"async\" data-wp-on--click=\"actions.openDialog\" data-wp-on--mouseleave=\"actions.resetZoom\" data-wp-on--mousemove=\"actions.startZoom\" data-wp-on--touchend=\"actions.onTouchEnd\" data-wp-on--touchmove=\"actions.onTouchMove\" data-wp-on--touchstart=\"actions.onTouchStart\" data-wp-watch=\"callbacks.toggleImageVisibility\" draggable=\"false\" fetchpriority=\"high\" tabindex=\"-1\" width=\"750\" height=\"500\" src=\"https:\/\/kraeuterhaus-praden.ch\/wp-content\/uploads\/2026\/07\/WhatsApp-Image-2026-07-24-at-00.18.42-1024x682.jpeg\" class=\"attachment-large size-large wc-block-woocommerce-product-gallery-large-image__image wc-block-woocommerce-product-gallery-large-image__image--full-screen-on-click wc-block-woocommerce-product-gallery-large-image__image--hoverZoom\" alt=\"Hirtenleben 7.Mai 2027 - Arosa\" data-testid=\"product-image\" data-image-id=\"494\" style=\"object-fit:cover;\" loading=\"eager\" srcset=\"https:\/\/kraeuterhaus-praden.ch\/wp-content\/uploads\/2026\/07\/WhatsApp-Image-2026-07-24-at-00.18.42-1024x682.jpeg 1024w, https:\/\/kraeuterhaus-praden.ch\/wp-content\/uploads\/2026\/07\/WhatsApp-Image-2026-07-24-at-00.18.42-300x200.jpeg 300w, https:\/\/kraeuterhaus-praden.ch\/wp-content\/uploads\/2026\/07\/WhatsApp-Image-2026-07-24-at-00.18.42-768x512.jpeg 768w, https:\/\/kraeuterhaus-praden.ch\/wp-content\/uploads\/2026\/07\/WhatsApp-Image-2026-07-24-at-00.18.42-1536x1023.jpeg 1536w, https:\/\/kraeuterhaus-praden.ch\/wp-content\/uploads\/2026\/07\/WhatsApp-Image-2026-07-24-at-00.18.42-360x240.jpeg 360w, https:\/\/kraeuterhaus-praden.ch\/wp-content\/uploads\/2026\/07\/WhatsApp-Image-2026-07-24-at-00.18.42-600x400.jpeg 600w, https:\/\/kraeuterhaus-praden.ch\/wp-content\/uploads\/2026\/07\/WhatsApp-Image-2026-07-24-at-00.18.42.jpeg 1600w\" sizes=\"auto, (max-width: 750px) 100vw, 750px\" \/><div class=\"wc-block-components-product-image__inner-container\"><\/div><\/div>\t\t\t\t\t<\/li>\n\t\t\t\t\t\t\t<\/ul>\n\t\t\t\t\t\t<div class=\"wc-block-product-gallery-large-image__inner-blocks\">\n\t\t\t\t\t\t\t\t\t\t\t\t\t\t<\/div>\n\t\t\t<\/div>\n\t\t\t\t\t<dialog inert\n\t\t\t\tdata-wp-bind--open=\"context.isDialogOpen\"\n\t\t\t\tdata-wp-bind--inert=\"!context.isDialogOpen\"\n\t\t\t\tdata-wp-on--close=\"actions.closeDialog\"\n\t\t\t\tdata-wp-on--keydown=\"actions.onDialogKeyDown\"\n\t\t\t\tdata-wp-watch=\"callbacks.dialogStateChange\"\n\t\t\t\tclass=\"wc-block-product-gallery-dialog\"\n\t\t\t\trole=\"dialog\"\n\t\t\t\taria-modal=\"true\"\n\t\t\t\taria-label=\"Product Gallery\">\n\t\t\t\t<div class=\"wc-block-product-gallery-dialog__header\">\n\t\t\t\t\t<button class=\"wc-block-product-gallery-dialog__close-button\" data-wp-on--click=\"actions.closeDialog\" aria-label=\"Dialog schlie\u00dfen\">\n\t\t\t\t\t\t<svg xmlns=\"http:\/\/www.w3.org\/2000\/svg\" viewBox=\"0 0 24 24\" width=\"24\" height=\"24\" aria-hidden=\"true\" focusable=\"false\">\n\t\t\t\t\t\t\t<path d=\"M13 11.8l6.1-6.3-1-1-6.1 6.2-6.1-6.2-1 1 6.1 6.3-6.5 6.7 1 1 6.5-6.6 6.5 6.6 1-1z\"><\/path>\n\t\t\t\t\t\t<\/svg>\n\t\t\t\t\t<\/button>\n\t\t\t\t<\/div>\n\t\t\t\t<div class=\"wc-block-product-gallery-dialog__content\">\n\t\t\t\t\t\t\t\t\t\t\t\t<img data-image-id='494' data-wp-watch='callbacks.toggleImageVisibility' src='https:\/\/kraeuterhaus-praden.ch\/wp-content\/uploads\/2026\/07\/WhatsApp-Image-2026-07-24-at-00.18.42.jpeg' srcset='https:\/\/kraeuterhaus-praden.ch\/wp-content\/uploads\/2026\/07\/WhatsApp-Image-2026-07-24-at-00.18.42.jpeg 1600w, https:\/\/kraeuterhaus-praden.ch\/wp-content\/uploads\/2026\/07\/WhatsApp-Image-2026-07-24-at-00.18.42-300x200.jpeg 300w, https:\/\/kraeuterhaus-praden.ch\/wp-content\/uploads\/2026\/07\/WhatsApp-Image-2026-07-24-at-00.18.42-1024x682.jpeg 1024w, https:\/\/kraeuterhaus-praden.ch\/wp-content\/uploads\/2026\/07\/WhatsApp-Image-2026-07-24-at-00.18.42-768x512.jpeg 768w, https:\/\/kraeuterhaus-praden.ch\/wp-content\/uploads\/2026\/07\/WhatsApp-Image-2026-07-24-at-00.18.42-1536x1023.jpeg 1536w, https:\/\/kraeuterhaus-praden.ch\/wp-content\/uploads\/2026\/07\/WhatsApp-Image-2026-07-24-at-00.18.42-360x240.jpeg 360w, https:\/\/kraeuterhaus-praden.ch\/wp-content\/uploads\/2026\/07\/WhatsApp-Image-2026-07-24-at-00.18.42-600x400.jpeg 600w' sizes='(max-width: 1600px) 100vw, 1600px' decoding='async' alt='Hirtenleben 7.Mai 2027 - Arosa \u2013 Bild\u00a01' \/>\t\t\t\t<\/div>\n\t\t\t<\/dialog>\n\t\t<\/div>\n<\/div>\n\n\n\n<div class=\"wp-block-column is-layout-flow wp-block-column-is-layout-flow\"><h2 class=\"wp-block-post-title\"><a href=\"https:\/\/kraeuterhaus-praden.ch\/?post_type=product&#038;p=523\" target=\"_self\" >Hirtenleben 7.Mai 2027 &#8211; Arosa<\/a><\/h2>\n\n\n\n<div data-block-name=\"woocommerce\/product-price\" data-is-descendent-of-single-product-block=\"true\" class=\"wp-block-woocommerce-product-price\" ><div class=\"wc-block-components-product-price wc-block-grid__product-price\" >\n\t\t\t\t\t<span class=\"woocommerce-Price-amount amount\"><bdi><span class=\"woocommerce-Price-currencySymbol\" translate=\"no\">&#67;&#72;&#70;<\/span>&nbsp;75.00<\/bdi><\/span>\n\t\t\t\t<\/div><\/div>\n\n<div data-block-name=\"woocommerce\/product-summary\" data-is-descendent-of-single-product-block=\"true\" class=\"wp-block-woocommerce-product-summary\"><div class=\"wc-block-components-product-summary \" style=\"\">\n\t\t\t\t<p>Hirtenleben \u2013 Ein Tag mit der Schafherde<\/p>\n\n\t\t\t<\/div><\/div>\n\n\n\n\n<div data-block-name=\"woocommerce\/product-meta\" class=\"wp-block-woocommerce-product-meta\">\n<div class=\"wp-block-group is-nowrap is-layout-flex wp-container-core-group-is-layout-7387b849 wp-block-group-is-layout-flex\">\n\n<div class=\"taxonomy-product_cat wp-block-post-terms\"><span class=\"wp-block-post-terms__prefix\">Kategorie: <\/span><a href=\"https:\/\/kraeuterhaus-praden.ch\/?product_cat=schafe\" rel=\"tag\">Schafe<\/a><\/div>\n\n<\/div>\n<\/div>\n<\/div>\n<\/div>\n<\/div>\n\n\n\n<div data-block-name=\"woocommerce\/single-product\" data-product-id=\"557\" data-wp-context=\"woocommerce\/products::{&quot;productId&quot;:557,&quot;variationId&quot;:null}\" data-wp-interactive=\"woocommerce\/single-product\" class=\"wp-block-woocommerce-single-product woocommerce\">\n<div class=\"wp-block-columns is-layout-flex wp-container-core-columns-is-layout-7387b849 wp-block-columns-is-layout-flex\">\n<div class=\"wp-block-column is-layout-flow wp-block-column-is-layout-flow\">\n<div data-block-name=\"woocommerce\/product-gallery\" data-wp-context=\"{&quot;imageData&quot;:[494],&quot;isDialogOpen&quot;:false,&quot;isDragging&quot;:false,&quot;touchStartX&quot;:0,&quot;touchCurrentX&quot;:0,&quot;productId&quot;:&quot;557&quot;,&quot;selectedImageId&quot;:494,&quot;thumbnailsOverflow&quot;:{&quot;top&quot;:false,&quot;bottom&quot;:false,&quot;left&quot;:false,&quot;right&quot;:false},&quot;hideNextPreviousButtons&quot;:true,&quot;isDisabledPrevious&quot;:true,&quot;isDisabledNext&quot;:true,&quot;ariaLabelPrevious&quot;:&quot;Vorheriges Bild&quot;,&quot;ariaLabelNext&quot;:&quot;N\\u00e4chstes Bild&quot;}\" data-wp-interactive=\"woocommerce\/product-gallery\" class=\"wp-block-woocommerce-product-gallery wc-block-product-gallery  is-single-product-gallery-image is-layout-flex wp-container-woocommerce-product-gallery-is-layout-a2f35af1 wp-block-woocommerce-product-gallery-is-layout-flex\">\n\n\t\t\t<div data-block-name=\"woocommerce\/product-gallery-large-image\" class=\"wc-block-product-gallery-large-image wp-block-woocommerce-product-gallery-large-image\">\n\t\t\t\t\t\t\t\t\t\t\t\t\t\t\t<ul\n\t\t\t\tclass=\"wc-block-product-gallery-large-image__container\"\n\t\t\t\tdata-wp-interactive=\"woocommerce\/product-gallery\"\n\t\t\t\tdata-wp-on--keydown=\"actions.onViewerImageKeyDown\"\n\t\t\t\taria-label=\"Produktgalerie\"\n\t\t\t\ttabindex=\"0\"\n\t\t\t\taria-roledescription=\"carousel\"\n\t\t\t>\n\t\t\t\t\t\t\t\t\t<li\n\t\t\t\t\t\tclass=\"wc-block-product-gallery-large-image__wrapper\"\n\t\t\t\t\t>\n\t\t\t\t\t\t<div data-block-name=\"woocommerce\/product-image\" data-is-descendent-of-single-product-block=\"true\" data-show-product-link=\"false\" data-show-sale-badge=\"false\" class=\"wc-block-components-product-image wc-block-grid__product-image wc-block-components-product-image--aspect-ratio-auto wp-block-woocommerce-product-image\"><img decoding=\"async\" data-wp-on--click=\"actions.openDialog\" data-wp-on--mouseleave=\"actions.resetZoom\" data-wp-on--mousemove=\"actions.startZoom\" data-wp-on--touchend=\"actions.onTouchEnd\" data-wp-on--touchmove=\"actions.onTouchMove\" data-wp-on--touchstart=\"actions.onTouchStart\" data-wp-watch=\"callbacks.toggleImageVisibility\" draggable=\"false\" fetchpriority=\"high\" tabindex=\"-1\" width=\"750\" height=\"500\" src=\"https:\/\/kraeuterhaus-praden.ch\/wp-content\/uploads\/2026\/07\/WhatsApp-Image-2026-07-24-at-00.18.42-1024x682.jpeg\" class=\"attachment-large size-large wc-block-woocommerce-product-gallery-large-image__image wc-block-woocommerce-product-gallery-large-image__image--full-screen-on-click wc-block-woocommerce-product-gallery-large-image__image--hoverZoom\" alt=\"Hirtenleben 3. Oktober  2027 - Arosa\" data-testid=\"product-image\" data-image-id=\"494\" style=\"object-fit:cover;\" loading=\"eager\" srcset=\"https:\/\/kraeuterhaus-praden.ch\/wp-content\/uploads\/2026\/07\/WhatsApp-Image-2026-07-24-at-00.18.42-1024x682.jpeg 1024w, https:\/\/kraeuterhaus-praden.ch\/wp-content\/uploads\/2026\/07\/WhatsApp-Image-2026-07-24-at-00.18.42-300x200.jpeg 300w, https:\/\/kraeuterhaus-praden.ch\/wp-content\/uploads\/2026\/07\/WhatsApp-Image-2026-07-24-at-00.18.42-768x512.jpeg 768w, https:\/\/kraeuterhaus-praden.ch\/wp-content\/uploads\/2026\/07\/WhatsApp-Image-2026-07-24-at-00.18.42-1536x1023.jpeg 1536w, https:\/\/kraeuterhaus-praden.ch\/wp-content\/uploads\/2026\/07\/WhatsApp-Image-2026-07-24-at-00.18.42-360x240.jpeg 360w, https:\/\/kraeuterhaus-praden.ch\/wp-content\/uploads\/2026\/07\/WhatsApp-Image-2026-07-24-at-00.18.42-600x400.jpeg 600w, https:\/\/kraeuterhaus-praden.ch\/wp-content\/uploads\/2026\/07\/WhatsApp-Image-2026-07-24-at-00.18.42.jpeg 1600w\" sizes=\"auto, (max-width: 750px) 100vw, 750px\" \/><div class=\"wc-block-components-product-image__inner-container\"><\/div><\/div>\t\t\t\t\t<\/li>\n\t\t\t\t\t\t\t<\/ul>\n\t\t\t\t\t\t<div class=\"wc-block-product-gallery-large-image__inner-blocks\">\n\t\t\t\t\t\t\t\t\t\t\t\t\t\t<\/div>\n\t\t\t<\/div>\n\t\t\t\t\t<dialog inert\n\t\t\t\tdata-wp-bind--open=\"context.isDialogOpen\"\n\t\t\t\tdata-wp-bind--inert=\"!context.isDialogOpen\"\n\t\t\t\tdata-wp-on--close=\"actions.closeDialog\"\n\t\t\t\tdata-wp-on--keydown=\"actions.onDialogKeyDown\"\n\t\t\t\tdata-wp-watch=\"callbacks.dialogStateChange\"\n\t\t\t\tclass=\"wc-block-product-gallery-dialog\"\n\t\t\t\trole=\"dialog\"\n\t\t\t\taria-modal=\"true\"\n\t\t\t\taria-label=\"Product Gallery\">\n\t\t\t\t<div class=\"wc-block-product-gallery-dialog__header\">\n\t\t\t\t\t<button class=\"wc-block-product-gallery-dialog__close-button\" data-wp-on--click=\"actions.closeDialog\" aria-label=\"Dialog schlie\u00dfen\">\n\t\t\t\t\t\t<svg xmlns=\"http:\/\/www.w3.org\/2000\/svg\" viewBox=\"0 0 24 24\" width=\"24\" height=\"24\" aria-hidden=\"true\" focusable=\"false\">\n\t\t\t\t\t\t\t<path d=\"M13 11.8l6.1-6.3-1-1-6.1 6.2-6.1-6.2-1 1 6.1 6.3-6.5 6.7 1 1 6.5-6.6 6.5 6.6 1-1z\"><\/path>\n\t\t\t\t\t\t<\/svg>\n\t\t\t\t\t<\/button>\n\t\t\t\t<\/div>\n\t\t\t\t<div class=\"wc-block-product-gallery-dialog__content\">\n\t\t\t\t\t\t\t\t\t\t\t\t<img data-image-id='494' data-wp-watch='callbacks.toggleImageVisibility' src='https:\/\/kraeuterhaus-praden.ch\/wp-content\/uploads\/2026\/07\/WhatsApp-Image-2026-07-24-at-00.18.42.jpeg' srcset='https:\/\/kraeuterhaus-praden.ch\/wp-content\/uploads\/2026\/07\/WhatsApp-Image-2026-07-24-at-00.18.42.jpeg 1600w, https:\/\/kraeuterhaus-praden.ch\/wp-content\/uploads\/2026\/07\/WhatsApp-Image-2026-07-24-at-00.18.42-300x200.jpeg 300w, https:\/\/kraeuterhaus-praden.ch\/wp-content\/uploads\/2026\/07\/WhatsApp-Image-2026-07-24-at-00.18.42-1024x682.jpeg 1024w, https:\/\/kraeuterhaus-praden.ch\/wp-content\/uploads\/2026\/07\/WhatsApp-Image-2026-07-24-at-00.18.42-768x512.jpeg 768w, https:\/\/kraeuterhaus-praden.ch\/wp-content\/uploads\/2026\/07\/WhatsApp-Image-2026-07-24-at-00.18.42-1536x1023.jpeg 1536w, https:\/\/kraeuterhaus-praden.ch\/wp-content\/uploads\/2026\/07\/WhatsApp-Image-2026-07-24-at-00.18.42-360x240.jpeg 360w, https:\/\/kraeuterhaus-praden.ch\/wp-content\/uploads\/2026\/07\/WhatsApp-Image-2026-07-24-at-00.18.42-600x400.jpeg 600w' sizes='(max-width: 1600px) 100vw, 1600px' decoding='async' alt='Hirtenleben 3. Oktober  2027 - Arosa \u2013 Bild\u00a01' \/>\t\t\t\t<\/div>\n\t\t\t<\/dialog>\n\t\t<\/div>\n<\/div>\n\n\n\n<div class=\"wp-block-column is-layout-flow wp-block-column-is-layout-flow\"><h2 class=\"wp-block-post-title\"><a href=\"https:\/\/kraeuterhaus-praden.ch\/?post_type=product&#038;p=557\" target=\"_self\" >Hirtenleben 3. Oktober  2027 &#8211; Arosa<\/a><\/h2>\n\n\n\n<div data-block-name=\"woocommerce\/product-price\" data-is-descendent-of-single-product-block=\"true\" class=\"wp-block-woocommerce-product-price\" ><div class=\"wc-block-components-product-price wc-block-grid__product-price\" >\n\t\t\t\t\t<span class=\"woocommerce-Price-amount amount\"><bdi><span class=\"woocommerce-Price-currencySymbol\" translate=\"no\">&#67;&#72;&#70;<\/span>&nbsp;75.00<\/bdi><\/span>\n\t\t\t\t<\/div><\/div>\n\n<div data-block-name=\"woocommerce\/product-summary\" data-is-descendent-of-single-product-block=\"true\" class=\"wp-block-woocommerce-product-summary\"><div class=\"wc-block-components-product-summary \" style=\"\">\n\t\t\t\t<p>Hirtenleben \u2013 Ein Tag mit der Schafherde<\/p>\n\n\t\t\t<\/div><\/div>\n\n\n\n\n<div data-block-name=\"woocommerce\/product-meta\" class=\"wp-block-woocommerce-product-meta\">\n<div class=\"wp-block-group is-nowrap is-layout-flex wp-container-core-group-is-layout-7387b849 wp-block-group-is-layout-flex\">\n\n<div class=\"taxonomy-product_cat wp-block-post-terms\"><span class=\"wp-block-post-terms__prefix\">Kategorie: <\/span><a href=\"https:\/\/kraeuterhaus-praden.ch\/?product_cat=schafe\" rel=\"tag\">Schafe<\/a><\/div>\n\n<\/div>\n<\/div>\n<\/div>\n<\/div>\n<\/div>\n\n\n\n<h3 class=\"wp-block-heading\">Kekse, kuscheln &amp; Geschichten<\/h3>\n\n\n\n<p class=\"wp-block-paragraph\">Wenn draussen Schnee liegt, verbringen wir den Tag gemeinsam mit den Schafen im Stall. Zuerst backen wir aus gesunden Zutaten Leckerlis f\u00fcr die Herde. Anschliessend ist Zeit zum Beobachten, Kuscheln und ruhigen Beisammensein mit den Tieren.<\/p>\n\n\n\n<p class=\"wp-block-paragraph\">Zwischen Heu und Schafen lauschen die Kinder einer winterlichen Geschichte \u00fcber die Bergwelt, die Tiere und das Leben auf dem Hof. Der Wintertag l\u00e4dt dazu ein, zur Ruhe zu kommen und die besondere Atmosph\u00e4re des Stalls bewusst zu erleben.<\/p>\n\n\n\n<p class=\"wp-block-paragraph\">Beide Angebote vermitteln nicht nur Wissen \u00fcber Schafe, sondern schaffen eine Verbindung zur Natur. Denn wer lernt, einem sch\u00fcchternen Tier mit Geduld und Respekt zu begegnen, entwickelt oft auch einen neuen Blick auf die Welt um sich herum.<\/p>\n\n\n\n<div data-block-name=\"woocommerce\/single-product\" data-product-id=\"563\" data-wp-context=\"woocommerce\/products::{&quot;productId&quot;:563,&quot;variationId&quot;:null}\" data-wp-interactive=\"woocommerce\/single-product\" class=\"wp-block-woocommerce-single-product woocommerce\">\n<div class=\"wp-block-columns is-layout-flex wp-container-core-columns-is-layout-7387b849 wp-block-columns-is-layout-flex\">\n<div class=\"wp-block-column is-layout-flow wp-block-column-is-layout-flow\">\n<div data-block-name=\"woocommerce\/product-gallery\" data-wp-context=\"{&quot;imageData&quot;:[561],&quot;isDialogOpen&quot;:false,&quot;isDragging&quot;:false,&quot;touchStartX&quot;:0,&quot;touchCurrentX&quot;:0,&quot;productId&quot;:&quot;563&quot;,&quot;selectedImageId&quot;:561,&quot;thumbnailsOverflow&quot;:{&quot;top&quot;:false,&quot;bottom&quot;:false,&quot;left&quot;:false,&quot;right&quot;:false},&quot;hideNextPreviousButtons&quot;:true,&quot;isDisabledPrevious&quot;:true,&quot;isDisabledNext&quot;:true,&quot;ariaLabelPrevious&quot;:&quot;Vorheriges Bild&quot;,&quot;ariaLabelNext&quot;:&quot;N\\u00e4chstes Bild&quot;}\" data-wp-interactive=\"woocommerce\/product-gallery\" class=\"wp-block-woocommerce-product-gallery wc-block-product-gallery  is-single-product-gallery-image is-layout-flex wp-container-woocommerce-product-gallery-is-layout-a2f35af1 wp-block-woocommerce-product-gallery-is-layout-flex\">\n\n\t\t\t<div data-block-name=\"woocommerce\/product-gallery-large-image\" class=\"wc-block-product-gallery-large-image wp-block-woocommerce-product-gallery-large-image\">\n\t\t\t\t\t\t\t\t\t\t\t\t\t\t\t<ul\n\t\t\t\tclass=\"wc-block-product-gallery-large-image__container\"\n\t\t\t\tdata-wp-interactive=\"woocommerce\/product-gallery\"\n\t\t\t\tdata-wp-on--keydown=\"actions.onViewerImageKeyDown\"\n\t\t\t\taria-label=\"Produktgalerie\"\n\t\t\t\ttabindex=\"0\"\n\t\t\t\taria-roledescription=\"carousel\"\n\t\t\t>\n\t\t\t\t\t\t\t\t\t<li\n\t\t\t\t\t\tclass=\"wc-block-product-gallery-large-image__wrapper\"\n\t\t\t\t\t>\n\t\t\t\t\t\t<div data-block-name=\"woocommerce\/product-image\" data-is-descendent-of-single-product-block=\"true\" data-show-product-link=\"false\" data-show-sale-badge=\"false\" class=\"wc-block-components-product-image wc-block-grid__product-image wc-block-components-product-image--aspect-ratio-auto wp-block-woocommerce-product-image\"><img decoding=\"async\" data-wp-on--click=\"actions.openDialog\" data-wp-on--mouseleave=\"actions.resetZoom\" data-wp-on--mousemove=\"actions.startZoom\" data-wp-on--touchend=\"actions.onTouchEnd\" data-wp-on--touchmove=\"actions.onTouchMove\" data-wp-on--touchstart=\"actions.onTouchStart\" data-wp-watch=\"callbacks.toggleImageVisibility\" draggable=\"false\" fetchpriority=\"high\" tabindex=\"-1\" width=\"750\" height=\"1000\" src=\"https:\/\/kraeuterhaus-praden.ch\/wp-content\/uploads\/2026\/07\/WhatsApp-Image-2026-07-24-at-09.35.31-768x1024.jpeg\" class=\"attachment-large size-large wc-block-woocommerce-product-gallery-large-image__image wc-block-woocommerce-product-gallery-large-image__image--full-screen-on-click wc-block-woocommerce-product-gallery-large-image__image--hoverZoom\" alt=\"Kekse, kuscheln &amp; Geschichten 16. Januar 2027- Praden\" data-testid=\"product-image\" data-image-id=\"561\" style=\"object-fit:cover;\" loading=\"eager\" srcset=\"https:\/\/kraeuterhaus-praden.ch\/wp-content\/uploads\/2026\/07\/WhatsApp-Image-2026-07-24-at-09.35.31-768x1024.jpeg 768w, https:\/\/kraeuterhaus-praden.ch\/wp-content\/uploads\/2026\/07\/WhatsApp-Image-2026-07-24-at-09.35.31-225x300.jpeg 225w, https:\/\/kraeuterhaus-praden.ch\/wp-content\/uploads\/2026\/07\/WhatsApp-Image-2026-07-24-at-09.35.31-1152x1536.jpeg 1152w, https:\/\/kraeuterhaus-praden.ch\/wp-content\/uploads\/2026\/07\/WhatsApp-Image-2026-07-24-at-09.35.31-600x800.jpeg 600w, https:\/\/kraeuterhaus-praden.ch\/wp-content\/uploads\/2026\/07\/WhatsApp-Image-2026-07-24-at-09.35.31.jpeg 1536w\" sizes=\"auto, (max-width: 750px) 100vw, 750px\" \/><div class=\"wc-block-components-product-image__inner-container\"><\/div><\/div>\t\t\t\t\t<\/li>\n\t\t\t\t\t\t\t<\/ul>\n\t\t\t\t\t\t<div class=\"wc-block-product-gallery-large-image__inner-blocks\">\n\t\t\t\t\t\t\t\t\t\t\t\t\t\t<\/div>\n\t\t\t<\/div>\n\t\t\t\t\t<dialog inert\n\t\t\t\tdata-wp-bind--open=\"context.isDialogOpen\"\n\t\t\t\tdata-wp-bind--inert=\"!context.isDialogOpen\"\n\t\t\t\tdata-wp-on--close=\"actions.closeDialog\"\n\t\t\t\tdata-wp-on--keydown=\"actions.onDialogKeyDown\"\n\t\t\t\tdata-wp-watch=\"callbacks.dialogStateChange\"\n\t\t\t\tclass=\"wc-block-product-gallery-dialog\"\n\t\t\t\trole=\"dialog\"\n\t\t\t\taria-modal=\"true\"\n\t\t\t\taria-label=\"Product Gallery\">\n\t\t\t\t<div class=\"wc-block-product-gallery-dialog__header\">\n\t\t\t\t\t<button class=\"wc-block-product-gallery-dialog__close-button\" data-wp-on--click=\"actions.closeDialog\" aria-label=\"Dialog schlie\u00dfen\">\n\t\t\t\t\t\t<svg xmlns=\"http:\/\/www.w3.org\/2000\/svg\" viewBox=\"0 0 24 24\" width=\"24\" height=\"24\" aria-hidden=\"true\" focusable=\"false\">\n\t\t\t\t\t\t\t<path d=\"M13 11.8l6.1-6.3-1-1-6.1 6.2-6.1-6.2-1 1 6.1 6.3-6.5 6.7 1 1 6.5-6.6 6.5 6.6 1-1z\"><\/path>\n\t\t\t\t\t\t<\/svg>\n\t\t\t\t\t<\/button>\n\t\t\t\t<\/div>\n\t\t\t\t<div class=\"wc-block-product-gallery-dialog__content\">\n\t\t\t\t\t\t\t\t\t\t\t\t<img data-image-id='561' data-wp-watch='callbacks.toggleImageVisibility' src='https:\/\/kraeuterhaus-praden.ch\/wp-content\/uploads\/2026\/07\/WhatsApp-Image-2026-07-24-at-09.35.31.jpeg' srcset='https:\/\/kraeuterhaus-praden.ch\/wp-content\/uploads\/2026\/07\/WhatsApp-Image-2026-07-24-at-09.35.31.jpeg 1536w, https:\/\/kraeuterhaus-praden.ch\/wp-content\/uploads\/2026\/07\/WhatsApp-Image-2026-07-24-at-09.35.31-225x300.jpeg 225w, https:\/\/kraeuterhaus-praden.ch\/wp-content\/uploads\/2026\/07\/WhatsApp-Image-2026-07-24-at-09.35.31-768x1024.jpeg 768w, https:\/\/kraeuterhaus-praden.ch\/wp-content\/uploads\/2026\/07\/WhatsApp-Image-2026-07-24-at-09.35.31-1152x1536.jpeg 1152w, https:\/\/kraeuterhaus-praden.ch\/wp-content\/uploads\/2026\/07\/WhatsApp-Image-2026-07-24-at-09.35.31-600x800.jpeg 600w' sizes='(max-width: 1536px) 100vw, 1536px' decoding='async' alt='Kekse, kuscheln &amp; Geschichten 16. Januar 2027- Praden \u2013 Bild\u00a01' \/>\t\t\t\t<\/div>\n\t\t\t<\/dialog>\n\t\t<\/div>\n<\/div>\n\n\n\n<div class=\"wp-block-column is-layout-flow wp-block-column-is-layout-flow\"><h2 class=\"wp-block-post-title\"><a href=\"https:\/\/kraeuterhaus-praden.ch\/?post_type=product&#038;p=563\" target=\"_self\" >Kekse, kuscheln &#038; Geschichten 16. Januar 2027- Praden<\/a><\/h2>\n\n\n\n<div data-block-name=\"woocommerce\/product-price\" data-is-descendent-of-single-product-block=\"true\" class=\"wp-block-woocommerce-product-price\" ><div class=\"wc-block-components-product-price wc-block-grid__product-price\" >\n\t\t\t\t\t<span class=\"woocommerce-Price-amount amount\"><bdi><span class=\"woocommerce-Price-currencySymbol\" translate=\"no\">&#67;&#72;&#70;<\/span>&nbsp;45.00<\/bdi><\/span>\n\t\t\t\t<\/div><\/div>\n\n<div data-block-name=\"woocommerce\/product-summary\" data-is-descendent-of-single-product-block=\"true\" class=\"wp-block-woocommerce-product-summary\"><div class=\"wc-block-components-product-summary \" style=\"\">\n\t\t\t\t<p>Gemeinsam backen wir gesunde Leckerlis f\u00fcr die Herde, verbringen Zeit mit den Tieren und lauschen zwischen Heu und Wolle einer winterlichen Geschichte.<\/p>\n\n\t\t\t<\/div><\/div>\n\n\n\n\n<div data-block-name=\"woocommerce\/product-meta\" class=\"wp-block-woocommerce-product-meta\">\n<div class=\"wp-block-group is-nowrap is-layout-flex wp-container-core-group-is-layout-7387b849 wp-block-group-is-layout-flex\">\n\n<div class=\"taxonomy-product_cat wp-block-post-terms\"><span class=\"wp-block-post-terms__prefix\">Kategorie: <\/span><a href=\"https:\/\/kraeuterhaus-praden.ch\/?product_cat=schafe\" rel=\"tag\">Schafe<\/a><\/div>\n\n<\/div>\n<\/div>\n<\/div>\n<\/div>\n<\/div>\n\n\n\n<div data-block-name=\"woocommerce\/single-product\" data-product-id=\"560\" data-wp-context=\"woocommerce\/products::{&quot;productId&quot;:560,&quot;variationId&quot;:null}\" data-wp-interactive=\"woocommerce\/single-product\" class=\"wp-block-woocommerce-single-product woocommerce\">\n<div class=\"wp-block-columns is-layout-flex wp-container-core-columns-is-layout-7387b849 wp-block-columns-is-layout-flex\">\n<div class=\"wp-block-column is-layout-flow wp-block-column-is-layout-flow\">\n<div data-block-name=\"woocommerce\/product-gallery\" data-wp-context=\"{&quot;imageData&quot;:[561],&quot;isDialogOpen&quot;:false,&quot;isDragging&quot;:false,&quot;touchStartX&quot;:0,&quot;touchCurrentX&quot;:0,&quot;productId&quot;:&quot;560&quot;,&quot;selectedImageId&quot;:561,&quot;thumbnailsOverflow&quot;:{&quot;top&quot;:false,&quot;bottom&quot;:false,&quot;left&quot;:false,&quot;right&quot;:false},&quot;hideNextPreviousButtons&quot;:true,&quot;isDisabledPrevious&quot;:true,&quot;isDisabledNext&quot;:true,&quot;ariaLabelPrevious&quot;:&quot;Vorheriges Bild&quot;,&quot;ariaLabelNext&quot;:&quot;N\\u00e4chstes Bild&quot;}\" data-wp-interactive=\"woocommerce\/product-gallery\" class=\"wp-block-woocommerce-product-gallery wc-block-product-gallery  is-single-product-gallery-image is-layout-flex wp-container-woocommerce-product-gallery-is-layout-a2f35af1 wp-block-woocommerce-product-gallery-is-layout-flex\">\n\n\t\t\t<div data-block-name=\"woocommerce\/product-gallery-large-image\" class=\"wc-block-product-gallery-large-image wp-block-woocommerce-product-gallery-large-image\">\n\t\t\t\t\t\t\t\t\t\t\t\t\t\t\t<ul\n\t\t\t\tclass=\"wc-block-product-gallery-large-image__container\"\n\t\t\t\tdata-wp-interactive=\"woocommerce\/product-gallery\"\n\t\t\t\tdata-wp-on--keydown=\"actions.onViewerImageKeyDown\"\n\t\t\t\taria-label=\"Produktgalerie\"\n\t\t\t\ttabindex=\"0\"\n\t\t\t\taria-roledescription=\"carousel\"\n\t\t\t>\n\t\t\t\t\t\t\t\t\t<li\n\t\t\t\t\t\tclass=\"wc-block-product-gallery-large-image__wrapper\"\n\t\t\t\t\t>\n\t\t\t\t\t\t<div data-block-name=\"woocommerce\/product-image\" data-is-descendent-of-single-product-block=\"true\" data-show-product-link=\"false\" data-show-sale-badge=\"false\" class=\"wc-block-components-product-image wc-block-grid__product-image wc-block-components-product-image--aspect-ratio-auto wp-block-woocommerce-product-image\"><img decoding=\"async\" data-wp-on--click=\"actions.openDialog\" data-wp-on--mouseleave=\"actions.resetZoom\" data-wp-on--mousemove=\"actions.startZoom\" data-wp-on--touchend=\"actions.onTouchEnd\" data-wp-on--touchmove=\"actions.onTouchMove\" data-wp-on--touchstart=\"actions.onTouchStart\" data-wp-watch=\"callbacks.toggleImageVisibility\" draggable=\"false\" fetchpriority=\"high\" tabindex=\"-1\" width=\"750\" height=\"1000\" src=\"https:\/\/kraeuterhaus-praden.ch\/wp-content\/uploads\/2026\/07\/WhatsApp-Image-2026-07-24-at-09.35.31-768x1024.jpeg\" class=\"attachment-large size-large wc-block-woocommerce-product-gallery-large-image__image wc-block-woocommerce-product-gallery-large-image__image--full-screen-on-click wc-block-woocommerce-product-gallery-large-image__image--hoverZoom\" alt=\"Kekse, kuscheln &amp; Geschichten 17. Februar 2027- Praden\" data-testid=\"product-image\" data-image-id=\"561\" style=\"object-fit:cover;\" loading=\"eager\" srcset=\"https:\/\/kraeuterhaus-praden.ch\/wp-content\/uploads\/2026\/07\/WhatsApp-Image-2026-07-24-at-09.35.31-768x1024.jpeg 768w, https:\/\/kraeuterhaus-praden.ch\/wp-content\/uploads\/2026\/07\/WhatsApp-Image-2026-07-24-at-09.35.31-225x300.jpeg 225w, https:\/\/kraeuterhaus-praden.ch\/wp-content\/uploads\/2026\/07\/WhatsApp-Image-2026-07-24-at-09.35.31-1152x1536.jpeg 1152w, https:\/\/kraeuterhaus-praden.ch\/wp-content\/uploads\/2026\/07\/WhatsApp-Image-2026-07-24-at-09.35.31-600x800.jpeg 600w, https:\/\/kraeuterhaus-praden.ch\/wp-content\/uploads\/2026\/07\/WhatsApp-Image-2026-07-24-at-09.35.31.jpeg 1536w\" sizes=\"auto, (max-width: 750px) 100vw, 750px\" \/><div class=\"wc-block-components-product-image__inner-container\"><\/div><\/div>\t\t\t\t\t<\/li>\n\t\t\t\t\t\t\t<\/ul>\n\t\t\t\t\t\t<div class=\"wc-block-product-gallery-large-image__inner-blocks\">\n\t\t\t\t\t\t\t\t\t\t\t\t\t\t<\/div>\n\t\t\t<\/div>\n\t\t\t\t\t<dialog inert\n\t\t\t\tdata-wp-bind--open=\"context.isDialogOpen\"\n\t\t\t\tdata-wp-bind--inert=\"!context.isDialogOpen\"\n\t\t\t\tdata-wp-on--close=\"actions.closeDialog\"\n\t\t\t\tdata-wp-on--keydown=\"actions.onDialogKeyDown\"\n\t\t\t\tdata-wp-watch=\"callbacks.dialogStateChange\"\n\t\t\t\tclass=\"wc-block-product-gallery-dialog\"\n\t\t\t\trole=\"dialog\"\n\t\t\t\taria-modal=\"true\"\n\t\t\t\taria-label=\"Product Gallery\">\n\t\t\t\t<div class=\"wc-block-product-gallery-dialog__header\">\n\t\t\t\t\t<button class=\"wc-block-product-gallery-dialog__close-button\" data-wp-on--click=\"actions.closeDialog\" aria-label=\"Dialog schlie\u00dfen\">\n\t\t\t\t\t\t<svg xmlns=\"http:\/\/www.w3.org\/2000\/svg\" viewBox=\"0 0 24 24\" width=\"24\" height=\"24\" aria-hidden=\"true\" focusable=\"false\">\n\t\t\t\t\t\t\t<path d=\"M13 11.8l6.1-6.3-1-1-6.1 6.2-6.1-6.2-1 1 6.1 6.3-6.5 6.7 1 1 6.5-6.6 6.5 6.6 1-1z\"><\/path>\n\t\t\t\t\t\t<\/svg>\n\t\t\t\t\t<\/button>\n\t\t\t\t<\/div>\n\t\t\t\t<div class=\"wc-block-product-gallery-dialog__content\">\n\t\t\t\t\t\t\t\t\t\t\t\t<img data-image-id='561' data-wp-watch='callbacks.toggleImageVisibility' src='https:\/\/kraeuterhaus-praden.ch\/wp-content\/uploads\/2026\/07\/WhatsApp-Image-2026-07-24-at-09.35.31.jpeg' srcset='https:\/\/kraeuterhaus-praden.ch\/wp-content\/uploads\/2026\/07\/WhatsApp-Image-2026-07-24-at-09.35.31.jpeg 1536w, https:\/\/kraeuterhaus-praden.ch\/wp-content\/uploads\/2026\/07\/WhatsApp-Image-2026-07-24-at-09.35.31-225x300.jpeg 225w, https:\/\/kraeuterhaus-praden.ch\/wp-content\/uploads\/2026\/07\/WhatsApp-Image-2026-07-24-at-09.35.31-768x1024.jpeg 768w, https:\/\/kraeuterhaus-praden.ch\/wp-content\/uploads\/2026\/07\/WhatsApp-Image-2026-07-24-at-09.35.31-1152x1536.jpeg 1152w, https:\/\/kraeuterhaus-praden.ch\/wp-content\/uploads\/2026\/07\/WhatsApp-Image-2026-07-24-at-09.35.31-600x800.jpeg 600w' sizes='(max-width: 1536px) 100vw, 1536px' decoding='async' alt='Kekse, kuscheln &amp; Geschichten 17. Februar 2027- Praden \u2013 Bild\u00a01' \/>\t\t\t\t<\/div>\n\t\t\t<\/dialog>\n\t\t<\/div>\n<\/div>\n\n\n\n<div class=\"wp-block-column is-layout-flow wp-block-column-is-layout-flow\"><h2 class=\"wp-block-post-title\"><a href=\"https:\/\/kraeuterhaus-praden.ch\/?post_type=product&#038;p=560\" target=\"_self\" >Kekse, kuscheln &#038; Geschichten 17. Februar 2027- Praden<\/a><\/h2>\n\n\n\n<div data-block-name=\"woocommerce\/product-price\" data-is-descendent-of-single-product-block=\"true\" class=\"wp-block-woocommerce-product-price\" ><div class=\"wc-block-components-product-price wc-block-grid__product-price\" >\n\t\t\t\t\t<span class=\"woocommerce-Price-amount amount\"><bdi><span class=\"woocommerce-Price-currencySymbol\" translate=\"no\">&#67;&#72;&#70;<\/span>&nbsp;45.00<\/bdi><\/span>\n\t\t\t\t<\/div><\/div>\n\n<div data-block-name=\"woocommerce\/product-summary\" data-is-descendent-of-single-product-block=\"true\" class=\"wp-block-woocommerce-product-summary\"><div class=\"wc-block-components-product-summary \" style=\"\">\n\t\t\t\t<p>Gemeinsam backen wir gesunde Leckerlis f\u00fcr die Herde, verbringen Zeit mit den Tieren und lauschen zwischen Heu und Wolle einer winterlichen Geschichte.<\/p>\n\n\t\t\t<\/div><\/div>\n\n\n\n\n<div data-block-name=\"woocommerce\/product-meta\" class=\"wp-block-woocommerce-product-meta\">\n<div class=\"wp-block-group is-nowrap is-layout-flex wp-container-core-group-is-layout-7387b849 wp-block-group-is-layout-flex\">\n\n<div class=\"taxonomy-product_cat wp-block-post-terms\"><span class=\"wp-block-post-terms__prefix\">Kategorie: <\/span><a href=\"https:\/\/kraeuterhaus-praden.ch\/?product_cat=schafe\" rel=\"tag\">Schafe<\/a><\/div>\n\n<\/div>\n<\/div>\n<\/div>\n<\/div>\n<\/div>\n","protected":false},"excerpt":{"rendered":"<p>Kinderangebote \u2013 Mit Schafen die Natur entdecken Wir glauben, dass Schafe wunderbare Br\u00fcckenbauer zwischen Kindern und der Natur sind. Sie sind sanft, neugierig und sensibel. Wer einem Schaf begegnen m\u00f6chte, lernt automatisch, langsamer zu werden, aufmerksam zu beobachten und respektvoll zu handeln. So entstehen Begegnungen, die Vertrauen, Mitgef\u00fchl und Verbundenheit [&hellip;]<\/p>\n","protected":false},"author":1,"featured_media":0,"parent":0,"menu_order":0,"comment_status":"closed","ping_status":"closed","template":"","meta":{"footnotes":""},"class_list":["post-211","page","type-page","status-publish","hentry"],"_links":{"self":[{"href":"https:\/\/kraeuterhaus-praden.ch\/index.php?rest_route=\/wp\/v2\/pages\/211","targetHints":{"allow":["GET"]}}],"collection":[{"href":"https:\/\/kraeuterhaus-praden.ch\/index.php?rest_route=\/wp\/v2\/pages"}],"about":[{"href":"https:\/\/kraeuterhaus-praden.ch\/index.php?rest_route=\/wp\/v2\/types\/page"}],"author":[{"embeddable":true,"href":"https:\/\/kraeuterhaus-praden.ch\/index.php?rest_route=\/wp\/v2\/users\/1"}],"replies":[{"embeddable":true,"href":"https:\/\/kraeuterhaus-praden.ch\/index.php?rest_route=%2Fwp%2Fv2%2Fcomments&post=211"}],"version-history":[{"count":14,"href":"https:\/\/kraeuterhaus-praden.ch\/index.php?rest_route=\/wp\/v2\/pages\/211\/revisions"}],"predecessor-version":[{"id":567,"href":"https:\/\/kraeuterhaus-praden.ch\/index.php?rest_route=\/wp\/v2\/pages\/211\/revisions\/567"}],"wp:attachment":[{"href":"https:\/\/kraeuterhaus-praden.ch\/index.php?rest_route=%2Fwp%2Fv2%2Fmedia&parent=211"}],"curies":[{"name":"wp","href":"https:\/\/api.w.org\/{rel}","templated":true}]}}