{"id":315,"date":"2026-07-23T17:48:36","date_gmt":"2026-07-23T17:48:36","guid":{"rendered":"https:\/\/praden.amarenyo.ch\/?page_id=315"},"modified":"2026-07-23T22:33:27","modified_gmt":"2026-07-23T22:33:27","slug":"engagement","status":"publish","type":"page","link":"https:\/\/kraeuterhaus-praden.ch\/?page_id=315","title":{"rendered":"Engagement"},"content":{"rendered":"\n<div class=\"wp-block-media-text is-stacked-on-mobile\"><figure class=\"wp-block-media-text__media\"><video controls src=\"https:\/\/praden.amarenyo.ch\/wp-content\/uploads\/2026\/07\/VID_20260707_1211065.mp4\"><\/video><\/figure><div class=\"wp-block-media-text__content\">\n<div class=\"wp-block-group\"><div class=\"wp-block-group__inner-container is-layout-constrained wp-block-group-is-layout-constrained\">\n<h3 class=\"wp-block-heading\">Biodiversit\u00e4t<\/h3>\n\n\n\n<p class=\"wp-block-paragraph\">F\u00fcr uns beginnt Naturschutz dort, wo wir lernen, das Leise wahrzunehmen und zuzuh\u00f6ren. Denn oft sind es gerade die unscheinbaren Pflanzen, die scheuen Tiere und die stillen Momente, die uns zeigen, wie reich unsere Bergwelt wirklich ist.Wir treffen auf unserem Betrieb, wann immer m\u00f6glich, Entscheidungen zugunsten der Biodiversit\u00e4t. <\/p>\n\n\n\n<p class=\"wp-block-paragraph\"><\/p>\n\n\n\n<p class=\"wp-block-paragraph\"><\/p>\n<\/div><\/div>\n<\/div><\/div>\n\n\n\n<div class=\"wp-block-group alignwide is-nowrap is-layout-flex wp-container-core-group-is-layout-7387b849 wp-block-group-is-layout-flex\">\n<div class=\"wp-block-group\"><div class=\"wp-block-group__inner-container is-layout-constrained wp-block-group-is-layout-constrained\">\n<h3 class=\"wp-block-heading\">Lebenshof<\/h3>\n\n\n\n<p class=\"wp-block-paragraph\">Schon als Kind haben Fabienne die Worte ihres Stiefvaters gepr\u00e4gt. Er war Metzger und sagte den Kindern, dass das T\u00f6ten Spuren in der Psyche hinterl\u00e4sst \u2013 und dass man deshalb m\u00f6glichst kein Fleisch essen sollte. Dieser Gedanke hat Fabienne \u00fcber viele Jahre begleitet.<\/p>\n\n\n\n<p class=\"wp-block-paragraph\">Mit der Zeit wurde ihr klar, dass dies nicht nur f\u00fcr Metzger gilt. Viele Landwirtinnen und Landwirte bauen eine enge Beziehung zu ihren Tieren auf. Irgendwann kommt jedoch der Tag, an dem sie sich von ihnen verabschieden m\u00fcssen. Sie glaube, dass dies oft nur m\u00f6glich ist, indem man einen Teil seines Herzens sch\u00fctzt. Das ist kein Vorwurf \u2013 viele Menschen handeln aus wirtschaftlicher Verantwortung und begegnen ihren Tieren mit grossem Respekt. F\u00fcr sie pers\u00f6nlich f\u00fchlte sich dieser Weg jedoch nicht mehr richtig an. Wir haben entschieden, unsere Schafe aus der Nutzung zu befreien. <\/p>\n\n\n\n<p class=\"wp-block-paragraph\">Unsere Schafe laden uns mit ihrer liebevoll sch\u00fcchternen Art ein, still zu werden, zu lauschen und uns auf die Melodie der Natur einzustimmen. Sie erinnern uns daran, dass Verbundenheit nicht entsteht, wenn wir etwas benutzen, sondern wenn wir bereit sind, einer anderen Lebensform offen zu begegnen und ihr den Freiraum zu geben, den sie braucht, um sich zu entfalten.<\/p>\n\n\n\n<p class=\"wp-block-paragraph\">Genau diese Erfahrung m\u00f6chten wir mit anderen Menschen teilen. Wer Zeit mit unserer Herde verbringt, lernt nicht nur Schafe kennen. Vielleicht entdeckt er auch etwas in sich selbst: die Freude an den kleinen Dingen, die Ruhe, die in der Stille liegt, und das Gef\u00fchl, Teil eines gr\u00f6sseren Ganzen zu sein.<\/p>\n<\/div><\/div>\n<\/div>\n\n\n\n<figure class=\"wp-block-gallery has-nested-images columns-default is-cropped wp-block-gallery-1 is-layout-flex wp-block-gallery-is-layout-flex\">\n<figure class=\"wp-block-image size-large\"><img loading=\"lazy\" decoding=\"async\" width=\"1024\" height=\"1024\" data-id=\"450\" src=\"https:\/\/praden.amarenyo.ch\/wp-content\/uploads\/2026\/07\/GX010292_1784838539200-1024x1024.jpg\" alt=\"\" class=\"wp-image-450\" srcset=\"https:\/\/kraeuterhaus-praden.ch\/wp-content\/uploads\/2026\/07\/GX010292_1784838539200-1024x1024.jpg 1024w, https:\/\/kraeuterhaus-praden.ch\/wp-content\/uploads\/2026\/07\/GX010292_1784838539200-300x300.jpg 300w, https:\/\/kraeuterhaus-praden.ch\/wp-content\/uploads\/2026\/07\/GX010292_1784838539200-150x150.jpg 150w, https:\/\/kraeuterhaus-praden.ch\/wp-content\/uploads\/2026\/07\/GX010292_1784838539200-768x768.jpg 768w, https:\/\/kraeuterhaus-praden.ch\/wp-content\/uploads\/2026\/07\/GX010292_1784838539200-600x600.jpg 600w, https:\/\/kraeuterhaus-praden.ch\/wp-content\/uploads\/2026\/07\/GX010292_1784838539200-160x160.jpg 160w, https:\/\/kraeuterhaus-praden.ch\/wp-content\/uploads\/2026\/07\/GX010292_1784838539200.jpg 1080w\" sizes=\"auto, (max-width: 1024px) 100vw, 1024px\" \/><\/figure>\n\n\n\n<figure class=\"wp-block-image size-large\"><img loading=\"lazy\" decoding=\"async\" width=\"1024\" height=\"1024\" data-id=\"407\" src=\"https:\/\/praden.amarenyo.ch\/wp-content\/uploads\/2026\/07\/GX010266_1784821522197-1-1024x1024.jpg\" alt=\"\" class=\"wp-image-407\" srcset=\"https:\/\/kraeuterhaus-praden.ch\/wp-content\/uploads\/2026\/07\/GX010266_1784821522197-1-1024x1024.jpg 1024w, https:\/\/kraeuterhaus-praden.ch\/wp-content\/uploads\/2026\/07\/GX010266_1784821522197-1-300x300.jpg 300w, https:\/\/kraeuterhaus-praden.ch\/wp-content\/uploads\/2026\/07\/GX010266_1784821522197-1-150x150.jpg 150w, https:\/\/kraeuterhaus-praden.ch\/wp-content\/uploads\/2026\/07\/GX010266_1784821522197-1-768x768.jpg 768w, https:\/\/kraeuterhaus-praden.ch\/wp-content\/uploads\/2026\/07\/GX010266_1784821522197-1-600x600.jpg 600w, https:\/\/kraeuterhaus-praden.ch\/wp-content\/uploads\/2026\/07\/GX010266_1784821522197-1-160x160.jpg 160w, https:\/\/kraeuterhaus-praden.ch\/wp-content\/uploads\/2026\/07\/GX010266_1784821522197-1.jpg 1080w\" sizes=\"auto, (max-width: 1024px) 100vw, 1024px\" \/><\/figure>\n\n\n\n<figure class=\"wp-block-image size-large\"><img loading=\"lazy\" decoding=\"async\" width=\"1024\" height=\"1024\" data-id=\"397\" src=\"https:\/\/praden.amarenyo.ch\/wp-content\/uploads\/2026\/07\/GX010327_1784821020652-1-1-1024x1024.jpg\" alt=\"\" class=\"wp-image-397\" srcset=\"https:\/\/kraeuterhaus-praden.ch\/wp-content\/uploads\/2026\/07\/GX010327_1784821020652-1-1-1024x1024.jpg 1024w, https:\/\/kraeuterhaus-praden.ch\/wp-content\/uploads\/2026\/07\/GX010327_1784821020652-1-1-300x300.jpg 300w, https:\/\/kraeuterhaus-praden.ch\/wp-content\/uploads\/2026\/07\/GX010327_1784821020652-1-1-150x150.jpg 150w, https:\/\/kraeuterhaus-praden.ch\/wp-content\/uploads\/2026\/07\/GX010327_1784821020652-1-1-768x768.jpg 768w, https:\/\/kraeuterhaus-praden.ch\/wp-content\/uploads\/2026\/07\/GX010327_1784821020652-1-1-600x600.jpg 600w, https:\/\/kraeuterhaus-praden.ch\/wp-content\/uploads\/2026\/07\/GX010327_1784821020652-1-1-160x160.jpg 160w, https:\/\/kraeuterhaus-praden.ch\/wp-content\/uploads\/2026\/07\/GX010327_1784821020652-1-1.jpg 1080w\" sizes=\"auto, (max-width: 1024px) 100vw, 1024px\" \/><\/figure>\n\n\n\n<figure class=\"wp-block-image size-large\"><img loading=\"lazy\" decoding=\"async\" width=\"1024\" height=\"1024\" data-id=\"444\" src=\"https:\/\/praden.amarenyo.ch\/wp-content\/uploads\/2026\/07\/GX010297_1784839446495-1024x1024.jpg\" alt=\"\" class=\"wp-image-444\" srcset=\"https:\/\/kraeuterhaus-praden.ch\/wp-content\/uploads\/2026\/07\/GX010297_1784839446495-1024x1024.jpg 1024w, https:\/\/kraeuterhaus-praden.ch\/wp-content\/uploads\/2026\/07\/GX010297_1784839446495-300x300.jpg 300w, https:\/\/kraeuterhaus-praden.ch\/wp-content\/uploads\/2026\/07\/GX010297_1784839446495-150x150.jpg 150w, https:\/\/kraeuterhaus-praden.ch\/wp-content\/uploads\/2026\/07\/GX010297_1784839446495-768x768.jpg 768w, https:\/\/kraeuterhaus-praden.ch\/wp-content\/uploads\/2026\/07\/GX010297_1784839446495-600x600.jpg 600w, https:\/\/kraeuterhaus-praden.ch\/wp-content\/uploads\/2026\/07\/GX010297_1784839446495-160x160.jpg 160w, https:\/\/kraeuterhaus-praden.ch\/wp-content\/uploads\/2026\/07\/GX010297_1784839446495.jpg 1080w\" sizes=\"auto, (max-width: 1024px) 100vw, 1024px\" \/><\/figure>\n\n\n\n<figure class=\"wp-block-image size-large\"><img loading=\"lazy\" decoding=\"async\" width=\"1024\" height=\"1024\" data-id=\"395\" src=\"https:\/\/praden.amarenyo.ch\/wp-content\/uploads\/2026\/07\/GX010327_1784821055294-1-1-1024x1024.jpg\" alt=\"\" class=\"wp-image-395\" srcset=\"https:\/\/kraeuterhaus-praden.ch\/wp-content\/uploads\/2026\/07\/GX010327_1784821055294-1-1-1024x1024.jpg 1024w, https:\/\/kraeuterhaus-praden.ch\/wp-content\/uploads\/2026\/07\/GX010327_1784821055294-1-1-300x300.jpg 300w, https:\/\/kraeuterhaus-praden.ch\/wp-content\/uploads\/2026\/07\/GX010327_1784821055294-1-1-150x150.jpg 150w, https:\/\/kraeuterhaus-praden.ch\/wp-content\/uploads\/2026\/07\/GX010327_1784821055294-1-1-768x768.jpg 768w, https:\/\/kraeuterhaus-praden.ch\/wp-content\/uploads\/2026\/07\/GX010327_1784821055294-1-1-600x600.jpg 600w, https:\/\/kraeuterhaus-praden.ch\/wp-content\/uploads\/2026\/07\/GX010327_1784821055294-1-1-160x160.jpg 160w, https:\/\/kraeuterhaus-praden.ch\/wp-content\/uploads\/2026\/07\/GX010327_1784821055294-1-1.jpg 1080w\" sizes=\"auto, (max-width: 1024px) 100vw, 1024px\" \/><\/figure>\n\n\n\n<figure class=\"wp-block-image size-large\"><img loading=\"lazy\" decoding=\"async\" width=\"1024\" height=\"1024\" data-id=\"420\" src=\"https:\/\/praden.amarenyo.ch\/wp-content\/uploads\/2026\/07\/GX010121_1784822073277-1-1024x1024.jpg\" alt=\"\" class=\"wp-image-420\" srcset=\"https:\/\/kraeuterhaus-praden.ch\/wp-content\/uploads\/2026\/07\/GX010121_1784822073277-1-1024x1024.jpg 1024w, https:\/\/kraeuterhaus-praden.ch\/wp-content\/uploads\/2026\/07\/GX010121_1784822073277-1-300x300.jpg 300w, https:\/\/kraeuterhaus-praden.ch\/wp-content\/uploads\/2026\/07\/GX010121_1784822073277-1-150x150.jpg 150w, https:\/\/kraeuterhaus-praden.ch\/wp-content\/uploads\/2026\/07\/GX010121_1784822073277-1-768x768.jpg 768w, https:\/\/kraeuterhaus-praden.ch\/wp-content\/uploads\/2026\/07\/GX010121_1784822073277-1-600x600.jpg 600w, https:\/\/kraeuterhaus-praden.ch\/wp-content\/uploads\/2026\/07\/GX010121_1784822073277-1-160x160.jpg 160w, https:\/\/kraeuterhaus-praden.ch\/wp-content\/uploads\/2026\/07\/GX010121_1784822073277-1.jpg 1080w\" sizes=\"auto, (max-width: 1024px) 100vw, 1024px\" \/><\/figure>\n<\/figure>\n\n\n\n<h3 class=\"wp-block-heading alignwide\">Naturheilkunde<\/h3>\n\n\n\n<p class=\"alignwide wp-block-paragraph\">Fabienne ist Tierheilpraktikerin in Ausbildung und Phytotherapeutin. Ihr Anliegen ist es, die Gesundheit von Mensch und Tier ganzheitlich zu f\u00f6rdern und Krankheiten m\u00f6glichst vorzubeugen.<\/p>\n\n\n\n<p class=\"alignwide wp-block-paragraph\">Artgerechte Haltung, eine gesunde Lebensweise und Heilpflanzen bilden die Grundlage ihrer Arbeit. Naturheilkundliche Methoden wie Phytotherapie oder Akupunktur k\u00f6nnen den K\u00f6rper unterst\u00fctzen und den Einsatz von Antibiotika, Cortison oder Wurmkuren dort reduzieren, wo dies verantwortungsvoll m\u00f6glich ist.<\/p>\n\n\n\n<p class=\"alignwide wp-block-paragraph\">Dabei steht stets das Wohl des Tieres im Mittelpunkt \u2013 mit dem Ziel, Gesundheit zu erhalten, anstatt Krankheiten nur zu behandeln.<\/p>\n\n\n\n<p class=\"alignwide wp-block-paragraph\">Denn f\u00fcr mich bedeutet Naturheilkunde vor allem eines: die Natur nicht nur als Ressource zu nutzen, sondern von ihr zu lernen.<\/p>\n\n\n\n<figure class=\"wp-block-gallery has-nested-images columns-default is-cropped wp-block-gallery-2 is-layout-flex wp-block-gallery-is-layout-flex\">\n<figure class=\"wp-block-image size-large\"><img loading=\"lazy\" decoding=\"async\" width=\"1024\" height=\"1024\" data-id=\"499\" src=\"https:\/\/praden.amarenyo.ch\/wp-content\/uploads\/2026\/07\/GX010274_1784844087695-1024x1024.jpg\" alt=\"\" class=\"wp-image-499\" srcset=\"https:\/\/kraeuterhaus-praden.ch\/wp-content\/uploads\/2026\/07\/GX010274_1784844087695-1024x1024.jpg 1024w, https:\/\/kraeuterhaus-praden.ch\/wp-content\/uploads\/2026\/07\/GX010274_1784844087695-300x300.jpg 300w, https:\/\/kraeuterhaus-praden.ch\/wp-content\/uploads\/2026\/07\/GX010274_1784844087695-150x150.jpg 150w, https:\/\/kraeuterhaus-praden.ch\/wp-content\/uploads\/2026\/07\/GX010274_1784844087695-768x768.jpg 768w, https:\/\/kraeuterhaus-praden.ch\/wp-content\/uploads\/2026\/07\/GX010274_1784844087695-600x600.jpg 600w, https:\/\/kraeuterhaus-praden.ch\/wp-content\/uploads\/2026\/07\/GX010274_1784844087695-160x160.jpg 160w, https:\/\/kraeuterhaus-praden.ch\/wp-content\/uploads\/2026\/07\/GX010274_1784844087695.jpg 1080w\" sizes=\"auto, (max-width: 1024px) 100vw, 1024px\" \/><\/figure>\n\n\n\n<figure class=\"wp-block-image size-large\"><img loading=\"lazy\" decoding=\"async\" width=\"1024\" height=\"1024\" data-id=\"505\" src=\"https:\/\/praden.amarenyo.ch\/wp-content\/uploads\/2026\/07\/VID_20260711_121500_exported_830-1024x1024.jpg\" alt=\"\" class=\"wp-image-505\" srcset=\"https:\/\/kraeuterhaus-praden.ch\/wp-content\/uploads\/2026\/07\/VID_20260711_121500_exported_830-1024x1024.jpg 1024w, https:\/\/kraeuterhaus-praden.ch\/wp-content\/uploads\/2026\/07\/VID_20260711_121500_exported_830-300x300.jpg 300w, https:\/\/kraeuterhaus-praden.ch\/wp-content\/uploads\/2026\/07\/VID_20260711_121500_exported_830-150x150.jpg 150w, https:\/\/kraeuterhaus-praden.ch\/wp-content\/uploads\/2026\/07\/VID_20260711_121500_exported_830-768x768.jpg 768w, https:\/\/kraeuterhaus-praden.ch\/wp-content\/uploads\/2026\/07\/VID_20260711_121500_exported_830-1536x1536.jpg 1536w, https:\/\/kraeuterhaus-praden.ch\/wp-content\/uploads\/2026\/07\/VID_20260711_121500_exported_830-2048x2048.jpg 2048w, https:\/\/kraeuterhaus-praden.ch\/wp-content\/uploads\/2026\/07\/VID_20260711_121500_exported_830-600x600.jpg 600w, https:\/\/kraeuterhaus-praden.ch\/wp-content\/uploads\/2026\/07\/VID_20260711_121500_exported_830-160x160.jpg 160w\" sizes=\"auto, (max-width: 1024px) 100vw, 1024px\" \/><\/figure>\n\n\n\n<figure class=\"wp-block-image size-large\"><img loading=\"lazy\" decoding=\"async\" width=\"1024\" height=\"1024\" data-id=\"500\" src=\"https:\/\/praden.amarenyo.ch\/wp-content\/uploads\/2026\/07\/GX010140_1784843900651-1024x1024.jpg\" alt=\"\" class=\"wp-image-500\" srcset=\"https:\/\/kraeuterhaus-praden.ch\/wp-content\/uploads\/2026\/07\/GX010140_1784843900651-1024x1024.jpg 1024w, https:\/\/kraeuterhaus-praden.ch\/wp-content\/uploads\/2026\/07\/GX010140_1784843900651-300x300.jpg 300w, https:\/\/kraeuterhaus-praden.ch\/wp-content\/uploads\/2026\/07\/GX010140_1784843900651-150x150.jpg 150w, https:\/\/kraeuterhaus-praden.ch\/wp-content\/uploads\/2026\/07\/GX010140_1784843900651-768x768.jpg 768w, https:\/\/kraeuterhaus-praden.ch\/wp-content\/uploads\/2026\/07\/GX010140_1784843900651-600x600.jpg 600w, https:\/\/kraeuterhaus-praden.ch\/wp-content\/uploads\/2026\/07\/GX010140_1784843900651-160x160.jpg 160w, https:\/\/kraeuterhaus-praden.ch\/wp-content\/uploads\/2026\/07\/GX010140_1784843900651.jpg 1080w\" sizes=\"auto, (max-width: 1024px) 100vw, 1024px\" \/><\/figure>\n\n\n\n<figure class=\"wp-block-image size-large\"><img loading=\"lazy\" decoding=\"async\" width=\"1024\" height=\"1024\" data-id=\"504\" src=\"https:\/\/praden.amarenyo.ch\/wp-content\/uploads\/2026\/07\/VID_20260711_122222_exported_611-1024x1024.jpg\" alt=\"\" class=\"wp-image-504\" srcset=\"https:\/\/kraeuterhaus-praden.ch\/wp-content\/uploads\/2026\/07\/VID_20260711_122222_exported_611-1024x1024.jpg 1024w, https:\/\/kraeuterhaus-praden.ch\/wp-content\/uploads\/2026\/07\/VID_20260711_122222_exported_611-300x300.jpg 300w, https:\/\/kraeuterhaus-praden.ch\/wp-content\/uploads\/2026\/07\/VID_20260711_122222_exported_611-150x150.jpg 150w, https:\/\/kraeuterhaus-praden.ch\/wp-content\/uploads\/2026\/07\/VID_20260711_122222_exported_611-768x768.jpg 768w, https:\/\/kraeuterhaus-praden.ch\/wp-content\/uploads\/2026\/07\/VID_20260711_122222_exported_611-1536x1536.jpg 1536w, https:\/\/kraeuterhaus-praden.ch\/wp-content\/uploads\/2026\/07\/VID_20260711_122222_exported_611-2048x2048.jpg 2048w, https:\/\/kraeuterhaus-praden.ch\/wp-content\/uploads\/2026\/07\/VID_20260711_122222_exported_611-600x600.jpg 600w, https:\/\/kraeuterhaus-praden.ch\/wp-content\/uploads\/2026\/07\/VID_20260711_122222_exported_611-160x160.jpg 160w\" sizes=\"auto, (max-width: 1024px) 100vw, 1024px\" \/><\/figure>\n\n\n\n<figure class=\"wp-block-image size-large\"><img loading=\"lazy\" decoding=\"async\" width=\"1024\" height=\"1024\" data-id=\"498\" src=\"https:\/\/praden.amarenyo.ch\/wp-content\/uploads\/2026\/07\/GX010278_1784844029886-1024x1024.jpg\" alt=\"\" class=\"wp-image-498\" srcset=\"https:\/\/kraeuterhaus-praden.ch\/wp-content\/uploads\/2026\/07\/GX010278_1784844029886-1024x1024.jpg 1024w, https:\/\/kraeuterhaus-praden.ch\/wp-content\/uploads\/2026\/07\/GX010278_1784844029886-300x300.jpg 300w, https:\/\/kraeuterhaus-praden.ch\/wp-content\/uploads\/2026\/07\/GX010278_1784844029886-150x150.jpg 150w, https:\/\/kraeuterhaus-praden.ch\/wp-content\/uploads\/2026\/07\/GX010278_1784844029886-768x768.jpg 768w, https:\/\/kraeuterhaus-praden.ch\/wp-content\/uploads\/2026\/07\/GX010278_1784844029886-600x600.jpg 600w, https:\/\/kraeuterhaus-praden.ch\/wp-content\/uploads\/2026\/07\/GX010278_1784844029886-160x160.jpg 160w, https:\/\/kraeuterhaus-praden.ch\/wp-content\/uploads\/2026\/07\/GX010278_1784844029886.jpg 1080w\" sizes=\"auto, (max-width: 1024px) 100vw, 1024px\" \/><\/figure>\n\n\n\n<figure class=\"wp-block-image size-large\"><img loading=\"lazy\" decoding=\"async\" width=\"1024\" height=\"1024\" data-id=\"503\" src=\"https:\/\/praden.amarenyo.ch\/wp-content\/uploads\/2026\/07\/VID_20260711_121500_exported_3927-1024x1024.jpg\" alt=\"\" class=\"wp-image-503\" srcset=\"https:\/\/kraeuterhaus-praden.ch\/wp-content\/uploads\/2026\/07\/VID_20260711_121500_exported_3927-1024x1024.jpg 1024w, https:\/\/kraeuterhaus-praden.ch\/wp-content\/uploads\/2026\/07\/VID_20260711_121500_exported_3927-300x300.jpg 300w, https:\/\/kraeuterhaus-praden.ch\/wp-content\/uploads\/2026\/07\/VID_20260711_121500_exported_3927-150x150.jpg 150w, https:\/\/kraeuterhaus-praden.ch\/wp-content\/uploads\/2026\/07\/VID_20260711_121500_exported_3927-768x768.jpg 768w, https:\/\/kraeuterhaus-praden.ch\/wp-content\/uploads\/2026\/07\/VID_20260711_121500_exported_3927-1536x1536.jpg 1536w, https:\/\/kraeuterhaus-praden.ch\/wp-content\/uploads\/2026\/07\/VID_20260711_121500_exported_3927-2048x2048.jpg 2048w, https:\/\/kraeuterhaus-praden.ch\/wp-content\/uploads\/2026\/07\/VID_20260711_121500_exported_3927-600x600.jpg 600w, https:\/\/kraeuterhaus-praden.ch\/wp-content\/uploads\/2026\/07\/VID_20260711_121500_exported_3927-160x160.jpg 160w\" sizes=\"auto, (max-width: 1024px) 100vw, 1024px\" \/><\/figure>\n<\/figure>\n","protected":false},"excerpt":{"rendered":"<p>Lebenshof Schon als Kind haben Fabienne die Worte ihres Stiefvaters gepr\u00e4gt. Er war Metzger und sagte den Kindern, dass das T\u00f6ten Spuren in der Psyche hinterl\u00e4sst \u2013 und dass man deshalb m\u00f6glichst kein Fleisch essen sollte. Dieser Gedanke hat Fabienne \u00fcber viele Jahre begleitet. Mit der Zeit wurde ihr klar, [&hellip;]<\/p>\n","protected":false},"author":2,"featured_media":0,"parent":0,"menu_order":0,"comment_status":"closed","ping_status":"closed","template":"","meta":{"footnotes":""},"class_list":["post-315","page","type-page","status-publish","hentry"],"_links":{"self":[{"href":"https:\/\/kraeuterhaus-praden.ch\/index.php?rest_route=\/wp\/v2\/pages\/315","targetHints":{"allow":["GET"]}}],"collection":[{"href":"https:\/\/kraeuterhaus-praden.ch\/index.php?rest_route=\/wp\/v2\/pages"}],"about":[{"href":"https:\/\/kraeuterhaus-praden.ch\/index.php?rest_route=\/wp\/v2\/types\/page"}],"author":[{"embeddable":true,"href":"https:\/\/kraeuterhaus-praden.ch\/index.php?rest_route=\/wp\/v2\/users\/2"}],"replies":[{"embeddable":true,"href":"https:\/\/kraeuterhaus-praden.ch\/index.php?rest_route=%2Fwp%2Fv2%2Fcomments&post=315"}],"version-history":[{"count":31,"href":"https:\/\/kraeuterhaus-praden.ch\/index.php?rest_route=\/wp\/v2\/pages\/315\/revisions"}],"predecessor-version":[{"id":515,"href":"https:\/\/kraeuterhaus-praden.ch\/index.php?rest_route=\/wp\/v2\/pages\/315\/revisions\/515"}],"wp:attachment":[{"href":"https:\/\/kraeuterhaus-praden.ch\/index.php?rest_route=%2Fwp%2Fv2%2Fmedia&parent=315"}],"curies":[{"name":"wp","href":"https:\/\/api.w.org\/{rel}","templated":true}]}}